{"id":904,"date":"2024-08-19T08:01:15","date_gmt":"2024-08-19T06:01:15","guid":{"rendered":"https:\/\/arenso.fi\/medialle\/"},"modified":"2026-04-10T07:29:37","modified_gmt":"2026-04-10T05:29:37","slug":"media","status":"publish","type":"page","link":"https:\/\/arenso.fi\/en\/media\/","title":{"rendered":"Media"},"content":{"rendered":"\n\n<style>\n                            @media screen and (min-width: 1px) and (max-width: 9999px) {\n            .Hero-599741823 {\n                background-image: url('https:\/\/arenso.fi\/app\/uploads\/sites\/2\/2024\/08\/Yhteystiedot.jpg');\n            }\n        }\n            \n            @media screen and (max-width: 767.1px) {\n        .Hero-599741823 {\n            height: 230px !important;\n        }\n    }\n    \n                .Hero-599741823 {\n            height: 350px;\n        }\n    \n<\/style>\n\n<section class=\"mb-8\" >\n    <div class=\"\n        Hero\n        Hero-599741823\n        full-width\n        z-10\n        relative bg-cover\n        bg-center inset-x-2\/4\n        flex justify-center items-center\n    \">\n            <h1 class=\"text-white font-bold text-center h2 md:h1 text-balance\"><\/h1>\n        <\/div>\n    <\/section>\n\n\n\n<div style=\"height:50px\" aria-hidden=\"true\" class=\"wp-block-spacer\"><\/div>\n\n\n\n<h2 class=\"wp-block-heading\">Contact persons for media<\/h2>\n\n\n\n\n<div  class=\"contact-cards lg:mx-16 wrapmb-8\">\n\t<div\n\t\tclass=\"flex flex-wrap flex-col sm:flex-row \">\n\t\t\t\t\t\t\t<div class=\"w-full sm:w-1\/2 justify-center\">\n\t\t\t\t\n<div class=\"flex border border-arenso rounded items-center mb-2 lg:ml-2 px-2 py-4 lg:py-6\">\n\t<div class=\"px-2 lg:px-6\">\n\t\t<img decoding=\"async\" class=\"object-cover rounded-full min-w-[100px] md:min-w-[130px] lg:min-w-[166px] w-[100px] md:w-[130px] lg:w-[166px] aspect-square\" alt=\"\" src=\" https:\/\/arenso.fi\/app\/uploads\/sites\/2\/2026\/04\/Toni-Sulameri-scaled.jpg \"\/>\n\t<\/div>\n\t<div class=\"flex flex-col w-full overflow-hidden\">\n\t\t<p class=\"font-bold text-arenso truncate\">Toni Sulameri<\/p>\n\t\t<p class=\"truncate\">Managing Director<\/p>\n\t\t<a href=\"tel:+358 50 524 9609\" class=\"p truncate\">+358 50 524 9609<\/a>\n\t\t<a href=\"mailto:toni.sulameri@arenso.fi\" class=\"p truncate\">toni.sulameri@arenso.fi<\/a>\n\t<\/div>\n<\/div>\n\t\t\t<\/div>\n\t\t\t\t\t<div class=\"w-full sm:w-1\/2 justify-center\">\n\t\t\t\t\n<div class=\"flex border border-arenso rounded items-center mb-2 lg:ml-2 px-2 py-4 lg:py-6\">\n\t<div class=\"px-2 lg:px-6\">\n\t\t<img decoding=\"async\" class=\"object-cover rounded-full min-w-[100px] md:min-w-[130px] lg:min-w-[166px] w-[100px] md:w-[130px] lg:w-[166px] aspect-square\" alt=\"Esa Holttinen\" src=\" https:\/\/arenso.fi\/app\/uploads\/sites\/2\/2024\/08\/holttinen-esa-1.jpg \"\/>\n\t<\/div>\n\t<div class=\"flex flex-col w-full overflow-hidden\">\n\t\t<p class=\"font-bold text-arenso truncate\">Esa Holttinen<\/p>\n\t\t<p class=\"truncate\">Business Director<\/p>\n\t\t<a href=\"tel:+358 44 760 8477 \" class=\"p truncate\">+358 44 760 8477 <\/a>\n\t\t<a href=\"mailto:esa.holttinen@arenso.fi\" class=\"p truncate\">esa.holttinen@arenso.fi<\/a>\n\t<\/div>\n<\/div>\n\t\t\t<\/div>\n\t\t\n\t\t\t<\/div>\n<\/div>\n\n\n\n<p><\/p>\n\n\n\n<h2 class=\"wp-block-heading\">Press releases<\/h2>\n\n\n\n<p>Press releases concerning Arenso are available at&nbsp;<a href=\"http:\/\/www.epressi.com\/tiedotteet.html\">e<\/a><a href=\"http:\/\/www.epressi.com\/tiedotteet.html\" target=\"_blank\" rel=\"noreferrer noopener\">Press<\/a>&nbsp;by searching for \u201cArenso\u201d.<\/p>\n\n\n\n<h2 class=\"wp-block-heading\">Members of the board<\/h2>\n\n\n\n<p>Arenso\u2019s board members are Mr. Toni Sulameri, Managing Director, Mr. Esa Holttinen, Business Director, and Mr. Petri Mikola, Project Director.<\/p>\n\n\n\n<p><strong>Arenso Oy<\/strong> is an expert in the challenging conditions at the Baltic Sea. The company was founded in the demerger of Suomen Hy\u00f6tytuuli Oy in the autumn of 2024. Our team of experts has over twenty years of experience in wind energy projects from development to construction, operation and maintenance and the dismantling and recycling of wind farms. Working independently of solution suppliers and contractors, we help our customers implement sustainable and effective renewable energy projects. <\/p>\n\n\n\n\t<section class=\"full-width inset-x-2\/4 relative  my-12\">\n\t\t<div>\n\t\t\t<h2 class=\"text-center text-3xl font-bold mb-4\">News from Arenso and partners<\/h2>\n\t\t<\/div>\n\t\t\t\t\t<div class=\"absolute h-[500px] right-0 left-0 top-48 bottom-0 bg-arenso\"><\/div>\n\t\t\t\t<div\n\t\t\tclass=\"Carousel relative wrap h-[620px]  \" >\n\t\t\t<!-- Slider main container -->\n\t\t\t<div id=\"swiper-1\" class=\"swiper  relative\">\n\t\t\t\t<!-- Additional required wrapper -->\n\t\t\t\t<div class=\"swiper-wrapper\">\n\t\t\t\t\t\t\t\t\t\t\t<div class=\"swiper-slide relative\">\n\t\t\t\t\t\t\t<article class=\"tease tease-post\" id=\"tease-1937\">\n\t\t<div class=\"flex flex-col shadow-md rounded-sm h-[600px] bg-white\">\n\t\t\t\t<div>\n\t\t\t<a href=\"https:\/\/arenso.fi\/en\/operative-management-buy-arenso-oys-offshore-wind-business\/\">\n\t\t\t\t\t\t\t\t\t<img decoding=\"async\" src=\"https:\/\/arenso.fi\/app\/uploads\/sites\/2\/2025\/09\/20250809_113922-scaled.jpg\" alt=\"\" class=\"w-full h-56 object-cover object-center rounded-t-sm mb-4 hover:opacity-70\">\n\t\t\t\t\t\t\t<\/a>\n\t\t<\/div>\n\t\t<div class=\"flex flex-col justify-between px-4 pt-4 text-center h-full\">\n\t\t\t<div>\n\t\t\t\t<a href=\"https:\/\/arenso.fi\/en\/operative-management-buy-arenso-oys-offshore-wind-business\/\">\n\t\t\t\t\t<h3 class=\"font-bold hover:text-link-hover hover:border-link-hover\">Operative management buy Arenso Oy\u2019s offshore wind business\n\t\t\t\t\t<\/h3>\n\t\t\t\t<\/a>\n\t\t\t\t<p class=\"m-2\">Published\n\t\t\t\t\t10.04.2026<\/p>\n\t\t\t<\/div>\n\t\t\t\t\t\t\t<p class=\"text-center p-small text-gray-500 text-balance\">\nArenso was founded in the demerger of Suomen Hy\u00f6tytuuli Oy in the autumn of 2024. The company has over twenty-five years of experience in developing, constructing and operating wind energy.\n\n\n\nPart o&#8230;<\/p>\n\t\t\t\t\t\t<div class=\"flex justify-center z-20 pb-4\">\n\t\t\t\t<a href=\"https:\/\/arenso.fi\/en\/operative-management-buy-arenso-oys-offshore-wind-business\/\" class=\"button relative flex px-7 py-4 items-center rounded-full text-arenso border border-arenso bg-hover:bg-white hover:text-link-hover hover:border-link-hover\">\n\t\t\t\t\t<span class=\"p pr-2\">Read more<\/span>\n\t\t\t\t\t<div class=\"\"><svg xmlns=\"http:\/\/www.w3.org\/2000\/svg\" fill=\"none\" viewBox=\"0 0 24 24\" stroke-width=\"1.5\" stroke=\"currentColor\" class=\"w-6 h-6\">\n  <path stroke-linecap=\"round\" stroke-linejoin=\"round\" d=\"M17.25 8.25 21 12m0 0-3.75 3.75M21 12H3\" \/>\n<\/svg>\n<\/div>\n\t\t\t\t<\/a>\n\t\t\t<\/div>\n\t\t<\/div>\n\t<\/div>\n<\/article>\n\t\t\t\t\t\t<\/div>\n\t\t\t\t\t\t\t\t\t\t\t<div class=\"swiper-slide relative\">\n\t\t\t\t\t\t\t<article class=\"tease tease-post\" id=\"tease-1942\">\n\t\t<div class=\"flex flex-col shadow-md rounded-sm h-[600px] bg-white\">\n\t\t\t\t<div>\n\t\t\t<a href=\"https:\/\/arenso.fi\/en\/arenso-oy-changes-its-name-to-hyotytuuli-services-oy\/\">\n\t\t\t\t\t\t\t\t\t<img decoding=\"async\" src=\"\/app\/themes\/hyotytuuli\/assets\/images\/artikkeli-placeholder.jpg\" alt=\"Artikkelikuva\" class=\"w-full h-56 object-cover object-center rounded-t-sm mb-4 hover:opacity-70\">\n\t\t\t\t\t\t\t<\/a>\n\t\t<\/div>\n\t\t<div class=\"flex flex-col justify-between px-4 pt-4 text-center h-full\">\n\t\t\t<div>\n\t\t\t\t<a href=\"https:\/\/arenso.fi\/en\/arenso-oy-changes-its-name-to-hyotytuuli-services-oy\/\">\n\t\t\t\t\t<h3 class=\"font-bold hover:text-link-hover hover:border-link-hover\">Arenso Oy changes its name to Hy\u00f6tytuuli Services Oy\n\t\t\t\t\t<\/h3>\n\t\t\t\t<\/a>\n\t\t\t\t<p class=\"m-2\">Published\n\t\t\t\t\t01.04.2026<\/p>\n\t\t\t<\/div>\n\t\t\t\t\t\t\t<p class=\"text-center p-small text-gray-500 text-balance\">\nWind energy company Arenso Oy has changed its name to Hy\u00f6tytuuli Services Oy. Hy\u00f6tytuuli Services places an even greater emphasis on providing wind energy services to its customer Suomen Hy\u00f6tytuuli O&#8230;<\/p>\n\t\t\t\t\t\t<div class=\"flex justify-center z-20 pb-4\">\n\t\t\t\t<a href=\"https:\/\/arenso.fi\/en\/arenso-oy-changes-its-name-to-hyotytuuli-services-oy\/\" class=\"button relative flex px-7 py-4 items-center rounded-full text-arenso border border-arenso bg-hover:bg-white hover:text-link-hover hover:border-link-hover\">\n\t\t\t\t\t<span class=\"p pr-2\">Read more<\/span>\n\t\t\t\t\t<div class=\"\"><svg xmlns=\"http:\/\/www.w3.org\/2000\/svg\" fill=\"none\" viewBox=\"0 0 24 24\" stroke-width=\"1.5\" stroke=\"currentColor\" class=\"w-6 h-6\">\n  <path stroke-linecap=\"round\" stroke-linejoin=\"round\" d=\"M17.25 8.25 21 12m0 0-3.75 3.75M21 12H3\" \/>\n<\/svg>\n<\/div>\n\t\t\t\t<\/a>\n\t\t\t<\/div>\n\t\t<\/div>\n\t<\/div>\n<\/article>\n\t\t\t\t\t\t<\/div>\n\t\t\t\t\t\t\t\t\t\t\t<div class=\"swiper-slide relative\">\n\t\t\t\t\t\t\t<article class=\"tease tease-post\" id=\"tease-1744\">\n\t\t<div class=\"flex flex-col shadow-md rounded-sm h-[600px] bg-white\">\n\t\t\t\t<div>\n\t\t\t<a href=\"https:\/\/arenso.fi\/en\/metsahallitus-commissions-arenso-for-technical-design-of-ebba-offshore-wind-projects-eia-programme-phase\/\">\n\t\t\t\t\t\t\t\t\t<img decoding=\"async\" src=\"https:\/\/arenso.fi\/app\/uploads\/sites\/2\/2025\/09\/20250809_113922-scaled.jpg\" alt=\"\" class=\"w-full h-56 object-cover object-center rounded-t-sm mb-4 hover:opacity-70\">\n\t\t\t\t\t\t\t<\/a>\n\t\t<\/div>\n\t\t<div class=\"flex flex-col justify-between px-4 pt-4 text-center h-full\">\n\t\t\t<div>\n\t\t\t\t<a href=\"https:\/\/arenso.fi\/en\/metsahallitus-commissions-arenso-for-technical-design-of-ebba-offshore-wind-projects-eia-programme-phase\/\">\n\t\t\t\t\t<h3 class=\"font-bold hover:text-link-hover hover:border-link-hover\">Mets\u00e4hallitus commissions Arenso for technical design of Ebba offshore wind project\u2019s EIA programme&#8230;\n\t\t\t\t\t<\/h3>\n\t\t\t\t<\/a>\n\t\t\t\t<p class=\"m-2\">Published\n\t\t\t\t\t18.09.2025<\/p>\n\t\t\t<\/div>\n\t\t\t\t\t\t\t<p class=\"text-center p-small text-gray-500 text-balance\">\nMets\u00e4hallitus has selected Arenso Oy to carry out the technical planning of the environmental impact assessment (EIA) programme phase of the Ebba offshore wind project. The project area is located in&#8230;<\/p>\n\t\t\t\t\t\t<div class=\"flex justify-center z-20 pb-4\">\n\t\t\t\t<a href=\"https:\/\/arenso.fi\/en\/metsahallitus-commissions-arenso-for-technical-design-of-ebba-offshore-wind-projects-eia-programme-phase\/\" class=\"button relative flex px-7 py-4 items-center rounded-full text-arenso border border-arenso bg-hover:bg-white hover:text-link-hover hover:border-link-hover\">\n\t\t\t\t\t<span class=\"p pr-2\">Read more<\/span>\n\t\t\t\t\t<div class=\"\"><svg xmlns=\"http:\/\/www.w3.org\/2000\/svg\" fill=\"none\" viewBox=\"0 0 24 24\" stroke-width=\"1.5\" stroke=\"currentColor\" class=\"w-6 h-6\">\n  <path stroke-linecap=\"round\" stroke-linejoin=\"round\" d=\"M17.25 8.25 21 12m0 0-3.75 3.75M21 12H3\" \/>\n<\/svg>\n<\/div>\n\t\t\t\t<\/a>\n\t\t\t<\/div>\n\t\t<\/div>\n\t<\/div>\n<\/article>\n\t\t\t\t\t\t<\/div>\n\t\t\t\t\t\t\t\t\t\t\t<div class=\"swiper-slide relative\">\n\t\t\t\t\t\t\t<article class=\"tease tease-post\" id=\"tease-1678\">\n\t\t<div class=\"flex flex-col shadow-md rounded-sm h-[600px] bg-white\">\n\t\t\t\t<div>\n\t\t\t<a href=\"https:\/\/arenso.fi\/en\/jaakko-kleemola-appointed-as-managing-director-of-suomen-hyotytuuli-and-arenso\/\">\n\t\t\t\t\t\t\t\t\t<img decoding=\"async\" src=\"\/app\/themes\/hyotytuuli\/assets\/images\/artikkeli-placeholder.jpg\" alt=\"Artikkelikuva\" class=\"w-full h-56 object-cover object-center rounded-t-sm mb-4 hover:opacity-70\">\n\t\t\t\t\t\t\t<\/a>\n\t\t<\/div>\n\t\t<div class=\"flex flex-col justify-between px-4 pt-4 text-center h-full\">\n\t\t\t<div>\n\t\t\t\t<a href=\"https:\/\/arenso.fi\/en\/jaakko-kleemola-appointed-as-managing-director-of-suomen-hyotytuuli-and-arenso\/\">\n\t\t\t\t\t<h3 class=\"font-bold hover:text-link-hover hover:border-link-hover\">Jaakko Kleemola appointed as Managing Director of Suomen Hy\u00f6tytuuli and Arenso\n\t\t\t\t\t<\/h3>\n\t\t\t\t<\/a>\n\t\t\t\t<p class=\"m-2\">Published\n\t\t\t\t\t19.08.2025<\/p>\n\t\t\t<\/div>\n\t\t\t\t\t\t\t<p class=\"text-center p-small text-gray-500 text-balance\">\nBusiness Director Jaakko Kleemola, D.Sc. (Tech.) has been appointed as Managing Director of two companies at the forefront of Finnish wind energy, Suomen Hy\u00f6tytuuli Oy and Arenso Oy. The appointment&#8230;<\/p>\n\t\t\t\t\t\t<div class=\"flex justify-center z-20 pb-4\">\n\t\t\t\t<a href=\"https:\/\/arenso.fi\/en\/jaakko-kleemola-appointed-as-managing-director-of-suomen-hyotytuuli-and-arenso\/\" class=\"button relative flex px-7 py-4 items-center rounded-full text-arenso border border-arenso bg-hover:bg-white hover:text-link-hover hover:border-link-hover\">\n\t\t\t\t\t<span class=\"p pr-2\">Read more<\/span>\n\t\t\t\t\t<div class=\"\"><svg xmlns=\"http:\/\/www.w3.org\/2000\/svg\" fill=\"none\" viewBox=\"0 0 24 24\" stroke-width=\"1.5\" stroke=\"currentColor\" class=\"w-6 h-6\">\n  <path stroke-linecap=\"round\" stroke-linejoin=\"round\" d=\"M17.25 8.25 21 12m0 0-3.75 3.75M21 12H3\" \/>\n<\/svg>\n<\/div>\n\t\t\t\t<\/a>\n\t\t\t<\/div>\n\t\t<\/div>\n\t<\/div>\n<\/article>\n\t\t\t\t\t\t<\/div>\n\t\t\t\t\t\t\t\t\t\t\t<div class=\"swiper-slide relative\">\n\t\t\t\t\t\t\t<article class=\"tease tease-post\" id=\"tease-1632\">\n\t\t<div class=\"flex flex-col shadow-md rounded-sm h-[600px] bg-white\">\n\t\t\t\t<div>\n\t\t\t<a href=\"https:\/\/arenso.fi\/en\/offshore-wind-projects-have-a-strong-impact-on-regional-economy-and-employment-according-to-a-new-study-by-tahkoluoto-offshore\/\">\n\t\t\t\t\t\t\t\t\t<img decoding=\"async\" src=\"https:\/\/arenso.fi\/app\/uploads\/sites\/2\/2025\/05\/Regional-impact-of-offshore-wind-projects.png\" alt=\"\" class=\"w-full h-56 object-cover object-center rounded-t-sm mb-4 hover:opacity-70\">\n\t\t\t\t\t\t\t<\/a>\n\t\t<\/div>\n\t\t<div class=\"flex flex-col justify-between px-4 pt-4 text-center h-full\">\n\t\t\t<div>\n\t\t\t\t<a href=\"https:\/\/arenso.fi\/en\/offshore-wind-projects-have-a-strong-impact-on-regional-economy-and-employment-according-to-a-new-study-by-tahkoluoto-offshore\/\">\n\t\t\t\t\t<h3 class=\"font-bold hover:text-link-hover hover:border-link-hover\">Offshore wind projects have a strong impact on regional economy and employment, according to a new s&#8230;\n\t\t\t\t\t<\/h3>\n\t\t\t\t<\/a>\n\t\t\t\t<p class=\"m-2\">Published\n\t\t\t\t\t20.05.2025<\/p>\n\t\t\t<\/div>\n\t\t\t\t\t\t\t<p class=\"text-center p-small text-gray-500 text-balance\">\nTahkoluoto Offshore\u2019s new study shows that offshore wind energy investments have a strong impact on regional economy and employment in Finland. The study investigated the direct and multiplier econom&#8230;<\/p>\n\t\t\t\t\t\t<div class=\"flex justify-center z-20 pb-4\">\n\t\t\t\t<a href=\"https:\/\/arenso.fi\/en\/offshore-wind-projects-have-a-strong-impact-on-regional-economy-and-employment-according-to-a-new-study-by-tahkoluoto-offshore\/\" class=\"button relative flex px-7 py-4 items-center rounded-full text-arenso border border-arenso bg-hover:bg-white hover:text-link-hover hover:border-link-hover\">\n\t\t\t\t\t<span class=\"p pr-2\">Read more<\/span>\n\t\t\t\t\t<div class=\"\"><svg xmlns=\"http:\/\/www.w3.org\/2000\/svg\" fill=\"none\" viewBox=\"0 0 24 24\" stroke-width=\"1.5\" stroke=\"currentColor\" class=\"w-6 h-6\">\n  <path stroke-linecap=\"round\" stroke-linejoin=\"round\" d=\"M17.25 8.25 21 12m0 0-3.75 3.75M21 12H3\" \/>\n<\/svg>\n<\/div>\n\t\t\t\t<\/a>\n\t\t\t<\/div>\n\t\t<\/div>\n\t<\/div>\n<\/article>\n\t\t\t\t\t\t<\/div>\n\t\t\t\t\t\t\t\t\t\t\t<div class=\"swiper-slide relative\">\n\t\t\t\t\t\t\t<article class=\"tease tease-post\" id=\"tease-1595\">\n\t\t<div class=\"flex flex-col shadow-md rounded-sm h-[600px] bg-white\">\n\t\t\t\t<div>\n\t\t\t<a href=\"https:\/\/arenso.fi\/en\/model-based-on-bird-radar-data-to-improve-bird-protection-in-offshore-wind-projects-in-the-baltic-sea-2\/\">\n\t\t\t\t\t\t\t\t\t<img decoding=\"async\" src=\"https:\/\/arenso.fi\/app\/uploads\/sites\/2\/2024\/08\/lintututka.jpg.webp\" alt=\"Tahkoluodon lintututka \/ Bird radar at Tahkoluoto\" class=\"w-full h-56 object-cover object-center rounded-t-sm mb-4 hover:opacity-70\">\n\t\t\t\t\t\t\t<\/a>\n\t\t<\/div>\n\t\t<div class=\"flex flex-col justify-between px-4 pt-4 text-center h-full\">\n\t\t\t<div>\n\t\t\t\t<a href=\"https:\/\/arenso.fi\/en\/model-based-on-bird-radar-data-to-improve-bird-protection-in-offshore-wind-projects-in-the-baltic-sea-2\/\">\n\t\t\t\t\t<h3 class=\"font-bold hover:text-link-hover hover:border-link-hover\">Model based on bird radar data to improve bird protection in offshore wind projects in the Baltic Se&#8230;\n\t\t\t\t\t<\/h3>\n\t\t\t\t<\/a>\n\t\t\t\t<p class=\"m-2\">Published\n\t\t\t\t\t30.04.2025<\/p>\n\t\t\t<\/div>\n\t\t\t\t\t\t\t<p class=\"text-center p-small text-gray-500 text-balance\">\nKotimaisen tuulivoiman edell\u00e4k\u00e4vij\u00e4 Arenso Oy on k\u00e4ynnist\u00e4nyt hankkeen, jossa hy\u00f6dynnet\u00e4\u00e4n Tahkoluodon merituulipuiston lintututkan avulla kymmenen vuoden ajan ker\u00e4tty\u00e4 tietoa tuulivoiman vaikutuksis&#8230;<\/p>\n\t\t\t\t\t\t<div class=\"flex justify-center z-20 pb-4\">\n\t\t\t\t<a href=\"https:\/\/arenso.fi\/en\/model-based-on-bird-radar-data-to-improve-bird-protection-in-offshore-wind-projects-in-the-baltic-sea-2\/\" class=\"button relative flex px-7 py-4 items-center rounded-full text-arenso border border-arenso bg-hover:bg-white hover:text-link-hover hover:border-link-hover\">\n\t\t\t\t\t<span class=\"p pr-2\">Read more<\/span>\n\t\t\t\t\t<div class=\"\"><svg xmlns=\"http:\/\/www.w3.org\/2000\/svg\" fill=\"none\" viewBox=\"0 0 24 24\" stroke-width=\"1.5\" stroke=\"currentColor\" class=\"w-6 h-6\">\n  <path stroke-linecap=\"round\" stroke-linejoin=\"round\" d=\"M17.25 8.25 21 12m0 0-3.75 3.75M21 12H3\" \/>\n<\/svg>\n<\/div>\n\t\t\t\t<\/a>\n\t\t\t<\/div>\n\t\t<\/div>\n\t<\/div>\n<\/article>\n\t\t\t\t\t\t<\/div>\n\t\t\t\t\t\t\t\t\t\t\t<div class=\"swiper-slide relative\">\n\t\t\t\t\t\t\t<article class=\"tease tease-post\" id=\"tease-1506\">\n\t\t<div class=\"flex flex-col shadow-md rounded-sm h-[600px] bg-white\">\n\t\t\t\t<div>\n\t\t\t<a href=\"https:\/\/arenso.fi\/en\/arenso-and-utilitas-partner-for-basic-design-of-the-saare-liivi-offshore-wind-park\/\">\n\t\t\t\t\t\t\t\t\t<img decoding=\"async\" src=\"https:\/\/arenso.fi\/app\/uploads\/sites\/2\/2025\/03\/Utilitas-scaled.jpg\" alt=\"\" class=\"w-full h-56 object-cover object-center rounded-t-sm mb-4 hover:opacity-70\">\n\t\t\t\t\t\t\t<\/a>\n\t\t<\/div>\n\t\t<div class=\"flex flex-col justify-between px-4 pt-4 text-center h-full\">\n\t\t\t<div>\n\t\t\t\t<a href=\"https:\/\/arenso.fi\/en\/arenso-and-utilitas-partner-for-basic-design-of-the-saare-liivi-offshore-wind-park\/\">\n\t\t\t\t\t<h3 class=\"font-bold hover:text-link-hover hover:border-link-hover\">Arenso and Utilitas partner for Basic Design of the Saare-Liivi Offshore Wind Park\n\t\t\t\t\t<\/h3>\n\t\t\t\t<\/a>\n\t\t\t\t<p class=\"m-2\">Published\n\t\t\t\t\t03.03.2025<\/p>\n\t\t\t<\/div>\n\t\t\t\t\t\t\t<p class=\"text-center p-small text-gray-500 text-balance\">\nThe Finnish wind energy service provider Arenso Oy and a leading Estonia-based renewable energy developer and producer Utilitas Wind have signed an agreement for co-operation in the Saare-Liivi Offsh&#8230;<\/p>\n\t\t\t\t\t\t<div class=\"flex justify-center z-20 pb-4\">\n\t\t\t\t<a href=\"https:\/\/arenso.fi\/en\/arenso-and-utilitas-partner-for-basic-design-of-the-saare-liivi-offshore-wind-park\/\" class=\"button relative flex px-7 py-4 items-center rounded-full text-arenso border border-arenso bg-hover:bg-white hover:text-link-hover hover:border-link-hover\">\n\t\t\t\t\t<span class=\"p pr-2\">Read more<\/span>\n\t\t\t\t\t<div class=\"\"><svg xmlns=\"http:\/\/www.w3.org\/2000\/svg\" fill=\"none\" viewBox=\"0 0 24 24\" stroke-width=\"1.5\" stroke=\"currentColor\" class=\"w-6 h-6\">\n  <path stroke-linecap=\"round\" stroke-linejoin=\"round\" d=\"M17.25 8.25 21 12m0 0-3.75 3.75M21 12H3\" \/>\n<\/svg>\n<\/div>\n\t\t\t\t<\/a>\n\t\t\t<\/div>\n\t\t<\/div>\n\t<\/div>\n<\/article>\n\t\t\t\t\t\t<\/div>\n\t\t\t\t\t\t\t\t\t\t\t<div class=\"swiper-slide relative\">\n\t\t\t\t\t\t\t<article class=\"tease tease-post\" id=\"tease-1488\">\n\t\t<div class=\"flex flex-col shadow-md rounded-sm h-[600px] bg-white\">\n\t\t\t\t<div>\n\t\t\t<a href=\"https:\/\/arenso.fi\/en\/port-of-kaskinen-and-tahkoluoto-offshore-oy-partner-to-develop-logistics-solutions-for-offshore-wind-power\/\">\n\t\t\t\t\t\t\t\t\t<img decoding=\"async\" src=\"https:\/\/arenso.fi\/app\/uploads\/sites\/2\/2024\/06\/tahkoluoto5-scaled-1.jpg\" alt=\"Tahkoluodon merituulipuisto \/ Tahkoluoto offshore wind farm\" class=\"w-full h-56 object-cover object-center rounded-t-sm mb-4 hover:opacity-70\">\n\t\t\t\t\t\t\t<\/a>\n\t\t<\/div>\n\t\t<div class=\"flex flex-col justify-between px-4 pt-4 text-center h-full\">\n\t\t\t<div>\n\t\t\t\t<a href=\"https:\/\/arenso.fi\/en\/port-of-kaskinen-and-tahkoluoto-offshore-oy-partner-to-develop-logistics-solutions-for-offshore-wind-power\/\">\n\t\t\t\t\t<h3 class=\"font-bold hover:text-link-hover hover:border-link-hover\">Port of Kaskinen and Tahkoluoto Offshore Oy partner to develop logistics solutions for offshore wind&#8230;\n\t\t\t\t\t<\/h3>\n\t\t\t\t<\/a>\n\t\t\t\t<p class=\"m-2\">Published\n\t\t\t\t\t13.02.2025<\/p>\n\t\t\t<\/div>\n\t\t\t\t\t\t\t<p class=\"text-center p-small text-gray-500 text-balance\">\nThe Port of Kaskinen and Tahkoluoto Offshore Oy have signed a Memorandum of Understanding (MOU) to assess the port\u2019s suitability and role in developing logistics and infrastructure for the Tahkoluoto&#8230;<\/p>\n\t\t\t\t\t\t<div class=\"flex justify-center z-20 pb-4\">\n\t\t\t\t<a href=\"https:\/\/arenso.fi\/en\/port-of-kaskinen-and-tahkoluoto-offshore-oy-partner-to-develop-logistics-solutions-for-offshore-wind-power\/\" class=\"button relative flex px-7 py-4 items-center rounded-full text-arenso border border-arenso bg-hover:bg-white hover:text-link-hover hover:border-link-hover\">\n\t\t\t\t\t<span class=\"p pr-2\">Read more<\/span>\n\t\t\t\t\t<div class=\"\"><svg xmlns=\"http:\/\/www.w3.org\/2000\/svg\" fill=\"none\" viewBox=\"0 0 24 24\" stroke-width=\"1.5\" stroke=\"currentColor\" class=\"w-6 h-6\">\n  <path stroke-linecap=\"round\" stroke-linejoin=\"round\" d=\"M17.25 8.25 21 12m0 0-3.75 3.75M21 12H3\" \/>\n<\/svg>\n<\/div>\n\t\t\t\t<\/a>\n\t\t\t<\/div>\n\t\t<\/div>\n\t<\/div>\n<\/article>\n\t\t\t\t\t\t<\/div>\n\t\t\t\t\t\t\t\t\t\t\t<div class=\"swiper-slide relative\">\n\t\t\t\t\t\t\t<article class=\"tease tease-post\" id=\"tease-1354\">\n\t\t<div class=\"flex flex-col shadow-md rounded-sm h-[600px] bg-white\">\n\t\t\t\t<div>\n\t\t\t<a href=\"https:\/\/arenso.fi\/en\/tahkoluoto-offshore-wind-extension-project-proceeds-without-demonstration-phase\/\">\n\t\t\t\t\t\t\t\t\t<img decoding=\"async\" src=\"https:\/\/arenso.fi\/app\/uploads\/sites\/2\/2024\/08\/20230824-1502181-1-scaled.jpg.webp\" alt=\"Tahkoluodon merituulipuisto \/ Tahkoluoto offshore wind farm\" class=\"w-full h-56 object-cover object-center rounded-t-sm mb-4 hover:opacity-70\">\n\t\t\t\t\t\t\t<\/a>\n\t\t<\/div>\n\t\t<div class=\"flex flex-col justify-between px-4 pt-4 text-center h-full\">\n\t\t\t<div>\n\t\t\t\t<a href=\"https:\/\/arenso.fi\/en\/tahkoluoto-offshore-wind-extension-project-proceeds-without-demonstration-phase\/\">\n\t\t\t\t\t<h3 class=\"font-bold hover:text-link-hover hover:border-link-hover\">Tahkoluoto Offshore Wind Extension project proceeds without demonstration phase\n\t\t\t\t\t<\/h3>\n\t\t\t\t<\/a>\n\t\t\t\t<p class=\"m-2\">Published\n\t\t\t\t\t09.01.2025<\/p>\n\t\t\t<\/div>\n\t\t\t\t\t\t\t<p class=\"text-center p-small text-gray-500 text-balance\">\nTahkoluoto Offshore Oy will proceed with the development of the Tahkoluoto offshore wind farm Extension project without the two-turbine demonstration phase. The demo phase was discontinued due to tim&#8230;<\/p>\n\t\t\t\t\t\t<div class=\"flex justify-center z-20 pb-4\">\n\t\t\t\t<a href=\"https:\/\/arenso.fi\/en\/tahkoluoto-offshore-wind-extension-project-proceeds-without-demonstration-phase\/\" class=\"button relative flex px-7 py-4 items-center rounded-full text-arenso border border-arenso bg-hover:bg-white hover:text-link-hover hover:border-link-hover\">\n\t\t\t\t\t<span class=\"p pr-2\">Read more<\/span>\n\t\t\t\t\t<div class=\"\"><svg xmlns=\"http:\/\/www.w3.org\/2000\/svg\" fill=\"none\" viewBox=\"0 0 24 24\" stroke-width=\"1.5\" stroke=\"currentColor\" class=\"w-6 h-6\">\n  <path stroke-linecap=\"round\" stroke-linejoin=\"round\" d=\"M17.25 8.25 21 12m0 0-3.75 3.75M21 12H3\" \/>\n<\/svg>\n<\/div>\n\t\t\t\t<\/a>\n\t\t\t<\/div>\n\t\t<\/div>\n\t<\/div>\n<\/article>\n\t\t\t\t\t\t<\/div>\n\t\t\t\t\t\t\t\t\t\t\t<div class=\"swiper-slide relative\">\n\t\t\t\t\t\t\t<article class=\"tease tease-post\" id=\"tease-928\">\n\t\t<div class=\"flex flex-col shadow-md rounded-sm h-[600px] bg-white\">\n\t\t\t\t<div>\n\t\t\t<a href=\"https:\/\/arenso.fi\/en\/tahkoluoto-offshore-wind-farm-extension-project-has-continued-test-dredging-of-the-seabed\/\">\n\t\t\t\t\t\t\t\t\t<img decoding=\"async\" src=\"https:\/\/arenso.fi\/app\/uploads\/sites\/2\/2024\/08\/20230824-1502181-1-scaled.jpg.webp\" alt=\"Tahkoluodon merituulipuisto \/ Tahkoluoto offshore wind farm\" class=\"w-full h-56 object-cover object-center rounded-t-sm mb-4 hover:opacity-70\">\n\t\t\t\t\t\t\t<\/a>\n\t\t<\/div>\n\t\t<div class=\"flex flex-col justify-between px-4 pt-4 text-center h-full\">\n\t\t\t<div>\n\t\t\t\t<a href=\"https:\/\/arenso.fi\/en\/tahkoluoto-offshore-wind-farm-extension-project-has-continued-test-dredging-of-the-seabed\/\">\n\t\t\t\t\t<h3 class=\"font-bold hover:text-link-hover hover:border-link-hover\">Tahkoluoto offshore wind farm Extension project has continued test dredging of the seabed\n\t\t\t\t\t<\/h3>\n\t\t\t\t<\/a>\n\t\t\t\t<p class=\"m-2\">Published\n\t\t\t\t\t13.05.2024<\/p>\n\t\t\t<\/div>\n\t\t\t\t\t\t\t<p class=\"text-center p-small text-gray-500 text-balance\">\nIn early May, Suomen Hy\u00f6tytuuli carried out test dredging in the area of the Tahkoluoto offshore wind farm Extension project to test suitable methods for building offshore wind power off the coast of&#8230;<\/p>\n\t\t\t\t\t\t<div class=\"flex justify-center z-20 pb-4\">\n\t\t\t\t<a href=\"https:\/\/arenso.fi\/en\/tahkoluoto-offshore-wind-farm-extension-project-has-continued-test-dredging-of-the-seabed\/\" class=\"button relative flex px-7 py-4 items-center rounded-full text-arenso border border-arenso bg-hover:bg-white hover:text-link-hover hover:border-link-hover\">\n\t\t\t\t\t<span class=\"p pr-2\">Read more<\/span>\n\t\t\t\t\t<div class=\"\"><svg xmlns=\"http:\/\/www.w3.org\/2000\/svg\" fill=\"none\" viewBox=\"0 0 24 24\" stroke-width=\"1.5\" stroke=\"currentColor\" class=\"w-6 h-6\">\n  <path stroke-linecap=\"round\" stroke-linejoin=\"round\" d=\"M17.25 8.25 21 12m0 0-3.75 3.75M21 12H3\" \/>\n<\/svg>\n<\/div>\n\t\t\t\t<\/a>\n\t\t\t<\/div>\n\t\t<\/div>\n\t<\/div>\n<\/article>\n\t\t\t\t\t\t<\/div>\n\t\t\t\t\t\t\t\t\t\t\t<div class=\"swiper-slide relative\">\n\t\t\t\t\t\t\t<article class=\"tease tease-post\" id=\"tease-931\">\n\t\t<div class=\"flex flex-col shadow-md rounded-sm h-[600px] bg-white\">\n\t\t\t\t<div>\n\t\t\t<a href=\"https:\/\/arenso.fi\/en\/suomen-hyotytuuli-supports-finnish-governments-offshore-wind-plans\/\">\n\t\t\t\t\t\t\t\t\t<img decoding=\"async\" src=\"https:\/\/arenso.fi\/app\/uploads\/sites\/2\/2024\/06\/tahkoluoto5-scaled-1.jpg\" alt=\"Tahkoluodon merituulipuisto \/ Tahkoluoto offshore wind farm\" class=\"w-full h-56 object-cover object-center rounded-t-sm mb-4 hover:opacity-70\">\n\t\t\t\t\t\t\t<\/a>\n\t\t<\/div>\n\t\t<div class=\"flex flex-col justify-between px-4 pt-4 text-center h-full\">\n\t\t\t<div>\n\t\t\t\t<a href=\"https:\/\/arenso.fi\/en\/suomen-hyotytuuli-supports-finnish-governments-offshore-wind-plans\/\">\n\t\t\t\t\t<h3 class=\"font-bold hover:text-link-hover hover:border-link-hover\">Suomen Hy\u00f6tytuuli supports Finnish Government\u2019s offshore wind plans\n\t\t\t\t\t<\/h3>\n\t\t\t\t<\/a>\n\t\t\t\t<p class=\"m-2\">Published\n\t\t\t\t\t03.05.2024<\/p>\n\t\t\t<\/div>\n\t\t\t\t\t\t\t<p class=\"text-center p-small text-gray-500 text-balance\">\nThe Finnish Government rejected the applications for exploitation rights concerning offshore wind power in the exclusive economic zone (EEZ) in the Gulf of Bothnia on 2 May 2024. Suomen Hy\u00f6tytuuli wa&#8230;<\/p>\n\t\t\t\t\t\t<div class=\"flex justify-center z-20 pb-4\">\n\t\t\t\t<a href=\"https:\/\/arenso.fi\/en\/suomen-hyotytuuli-supports-finnish-governments-offshore-wind-plans\/\" class=\"button relative flex px-7 py-4 items-center rounded-full text-arenso border border-arenso bg-hover:bg-white hover:text-link-hover hover:border-link-hover\">\n\t\t\t\t\t<span class=\"p pr-2\">Read more<\/span>\n\t\t\t\t\t<div class=\"\"><svg xmlns=\"http:\/\/www.w3.org\/2000\/svg\" fill=\"none\" viewBox=\"0 0 24 24\" stroke-width=\"1.5\" stroke=\"currentColor\" class=\"w-6 h-6\">\n  <path stroke-linecap=\"round\" stroke-linejoin=\"round\" d=\"M17.25 8.25 21 12m0 0-3.75 3.75M21 12H3\" \/>\n<\/svg>\n<\/div>\n\t\t\t\t<\/a>\n\t\t\t<\/div>\n\t\t<\/div>\n\t<\/div>\n<\/article>\n\t\t\t\t\t\t<\/div>\n\t\t\t\t\t\t\t\t\t\t\t<div class=\"swiper-slide relative\">\n\t\t\t\t\t\t\t<article class=\"tease tease-post\" id=\"tease-934\">\n\t\t<div class=\"flex flex-col shadow-md rounded-sm h-[600px] bg-white\">\n\t\t\t\t<div>\n\t\t\t<a href=\"https:\/\/arenso.fi\/en\/suomen-hyotytuuli-carries-out-a-full-demerger-to-prepare-for-large-scale-offshore-wind-power-investments\/\">\n\t\t\t\t\t\t\t\t\t<img decoding=\"async\" src=\"https:\/\/arenso.fi\/app\/uploads\/sites\/2\/2024\/08\/20230711-212037-2-scaled.jpg.webp\" alt=\"Tahkoluodon merituulipuisto \/ Tahkoluoto offshore wind farm\" class=\"w-full h-56 object-cover object-center rounded-t-sm mb-4 hover:opacity-70\">\n\t\t\t\t\t\t\t<\/a>\n\t\t<\/div>\n\t\t<div class=\"flex flex-col justify-between px-4 pt-4 text-center h-full\">\n\t\t\t<div>\n\t\t\t\t<a href=\"https:\/\/arenso.fi\/en\/suomen-hyotytuuli-carries-out-a-full-demerger-to-prepare-for-large-scale-offshore-wind-power-investments\/\">\n\t\t\t\t\t<h3 class=\"font-bold hover:text-link-hover hover:border-link-hover\">Suomen Hy\u00f6tytuuli carries out a full demerger to prepare for large-scale offshore wind power investm&#8230;\n\t\t\t\t\t<\/h3>\n\t\t\t\t<\/a>\n\t\t\t\t<p class=\"m-2\">Published\n\t\t\t\t\t08.03.2024<\/p>\n\t\t\t<\/div>\n\t\t\t\t\t\t\t<p class=\"text-center p-small text-gray-500 text-balance\">\nThe Finnish wind energy company Suomen Hy\u00f6tytuuli Oy will carry out a full demerger to strengthen its offshore wind production. The wind farms owned by Suomen Hy\u00f6tytuuli will transfer to a new compan&#8230;<\/p>\n\t\t\t\t\t\t<div class=\"flex justify-center z-20 pb-4\">\n\t\t\t\t<a href=\"https:\/\/arenso.fi\/en\/suomen-hyotytuuli-carries-out-a-full-demerger-to-prepare-for-large-scale-offshore-wind-power-investments\/\" class=\"button relative flex px-7 py-4 items-center rounded-full text-arenso border border-arenso bg-hover:bg-white hover:text-link-hover hover:border-link-hover\">\n\t\t\t\t\t<span class=\"p pr-2\">Read more<\/span>\n\t\t\t\t\t<div class=\"\"><svg xmlns=\"http:\/\/www.w3.org\/2000\/svg\" fill=\"none\" viewBox=\"0 0 24 24\" stroke-width=\"1.5\" stroke=\"currentColor\" class=\"w-6 h-6\">\n  <path stroke-linecap=\"round\" stroke-linejoin=\"round\" d=\"M17.25 8.25 21 12m0 0-3.75 3.75M21 12H3\" \/>\n<\/svg>\n<\/div>\n\t\t\t\t<\/a>\n\t\t\t<\/div>\n\t\t<\/div>\n\t<\/div>\n<\/article>\n\t\t\t\t\t\t<\/div>\n\t\t\t\t\t\t\t\t\t\t\t<div class=\"swiper-slide relative\">\n\t\t\t\t\t\t\t<article class=\"tease tease-post\" id=\"tease-937\">\n\t\t<div class=\"flex flex-col shadow-md rounded-sm h-[600px] bg-white\">\n\t\t\t\t<div>\n\t\t\t<a href=\"https:\/\/arenso.fi\/en\/tahkoluodon-merituulipuiston-laajennuksen-demohankkeelle-rakennus-ja-vesiluvat\/\">\n\t\t\t\t\t\t\t\t\t<img decoding=\"async\" src=\"https:\/\/arenso.fi\/app\/uploads\/sites\/2\/2024\/08\/20230711-2123131-scaled.jpg.webp\" alt=\"Tahkoluodon merituulipuisto \/ Tahkoluoto offshore wind farm\" class=\"w-full h-56 object-cover object-center rounded-t-sm mb-4 hover:opacity-70\">\n\t\t\t\t\t\t\t<\/a>\n\t\t<\/div>\n\t\t<div class=\"flex flex-col justify-between px-4 pt-4 text-center h-full\">\n\t\t\t<div>\n\t\t\t\t<a href=\"https:\/\/arenso.fi\/en\/tahkoluodon-merituulipuiston-laajennuksen-demohankkeelle-rakennus-ja-vesiluvat\/\">\n\t\t\t\t\t<h3 class=\"font-bold hover:text-link-hover hover:border-link-hover\">Tahkoluoto offshore wind farm Extension project\u2019s demo phase is granted water and building permits\n\t\t\t\t\t<\/h3>\n\t\t\t\t<\/a>\n\t\t\t\t<p class=\"m-2\">Published\n\t\t\t\t\t22.12.2023<\/p>\n\t\t\t<\/div>\n\t\t\t\t\t\t\t<p class=\"text-center p-small text-gray-500 text-balance\">\nSuomen Hy\u00f6tytuuli is&nbsp;planning&nbsp;an&nbsp;Extension&nbsp;project&nbsp;to Tahkoluoto offshore wind farm on the western&nbsp;coast of Finland.&nbsp;Tahkoluoto offshore wind farm is the world\u2019s fi&#8230;<\/p>\n\t\t\t\t\t\t<div class=\"flex justify-center z-20 pb-4\">\n\t\t\t\t<a href=\"https:\/\/arenso.fi\/en\/tahkoluodon-merituulipuiston-laajennuksen-demohankkeelle-rakennus-ja-vesiluvat\/\" class=\"button relative flex px-7 py-4 items-center rounded-full text-arenso border border-arenso bg-hover:bg-white hover:text-link-hover hover:border-link-hover\">\n\t\t\t\t\t<span class=\"p pr-2\">Read more<\/span>\n\t\t\t\t\t<div class=\"\"><svg xmlns=\"http:\/\/www.w3.org\/2000\/svg\" fill=\"none\" viewBox=\"0 0 24 24\" stroke-width=\"1.5\" stroke=\"currentColor\" class=\"w-6 h-6\">\n  <path stroke-linecap=\"round\" stroke-linejoin=\"round\" d=\"M17.25 8.25 21 12m0 0-3.75 3.75M21 12H3\" \/>\n<\/svg>\n<\/div>\n\t\t\t\t<\/a>\n\t\t\t<\/div>\n\t\t<\/div>\n\t<\/div>\n<\/article>\n\t\t\t\t\t\t<\/div>\n\t\t\t\t\t\t\t\t\t\t\t<div class=\"swiper-slide relative\">\n\t\t\t\t\t\t\t<article class=\"tease tease-post\" id=\"tease-940\">\n\t\t<div class=\"flex flex-col shadow-md rounded-sm h-[600px] bg-white\">\n\t\t\t\t<div>\n\t\t\t<a href=\"https:\/\/arenso.fi\/en\/suomen-hyotytuuli-starts-feed-for-turbine-foundations-in-tahkoluoto-offshore-wind-farm-extension-project\/\">\n\t\t\t\t\t\t\t\t\t<img decoding=\"async\" src=\"https:\/\/arenso.fi\/app\/uploads\/sites\/2\/2024\/08\/tahkoluodon-merituulipuisto.jpg.webp\" alt=\"Tahkoluodon merituulipuisto \/ Tahkoluoto offshore wind farm\" class=\"w-full h-56 object-cover object-center rounded-t-sm mb-4 hover:opacity-70\">\n\t\t\t\t\t\t\t<\/a>\n\t\t<\/div>\n\t\t<div class=\"flex flex-col justify-between px-4 pt-4 text-center h-full\">\n\t\t\t<div>\n\t\t\t\t<a href=\"https:\/\/arenso.fi\/en\/suomen-hyotytuuli-starts-feed-for-turbine-foundations-in-tahkoluoto-offshore-wind-farm-extension-project\/\">\n\t\t\t\t\t<h3 class=\"font-bold hover:text-link-hover hover:border-link-hover\">Suomen Hy\u00f6tytuuli starts FEED for turbine foundations in Tahkoluoto offshore wind farm extension pro&#8230;\n\t\t\t\t\t<\/h3>\n\t\t\t\t<\/a>\n\t\t\t\t<p class=\"m-2\">Published\n\t\t\t\t\t18.09.2023<\/p>\n\t\t\t<\/div>\n\t\t\t\t\t\t\t<p class=\"text-center p-small text-gray-500 text-balance\">\nSuomen Hy\u00f6tytuuli is developing an extension to Tahkoluoto offshore wind farm on the west coast of Finland. The wind turbines of at least 15 megawatts will be built in deeper waters than ever before&#8230;<\/p>\n\t\t\t\t\t\t<div class=\"flex justify-center z-20 pb-4\">\n\t\t\t\t<a href=\"https:\/\/arenso.fi\/en\/suomen-hyotytuuli-starts-feed-for-turbine-foundations-in-tahkoluoto-offshore-wind-farm-extension-project\/\" class=\"button relative flex px-7 py-4 items-center rounded-full text-arenso border border-arenso bg-hover:bg-white hover:text-link-hover hover:border-link-hover\">\n\t\t\t\t\t<span class=\"p pr-2\">Read more<\/span>\n\t\t\t\t\t<div class=\"\"><svg xmlns=\"http:\/\/www.w3.org\/2000\/svg\" fill=\"none\" viewBox=\"0 0 24 24\" stroke-width=\"1.5\" stroke=\"currentColor\" class=\"w-6 h-6\">\n  <path stroke-linecap=\"round\" stroke-linejoin=\"round\" d=\"M17.25 8.25 21 12m0 0-3.75 3.75M21 12H3\" \/>\n<\/svg>\n<\/div>\n\t\t\t\t<\/a>\n\t\t\t<\/div>\n\t\t<\/div>\n\t<\/div>\n<\/article>\n\t\t\t\t\t\t<\/div>\n\t\t\t\t\t\t\t\t\t\t\t<div class=\"swiper-slide relative\">\n\t\t\t\t\t\t\t<article class=\"tease tease-post\" id=\"tease-943\">\n\t\t<div class=\"flex flex-col shadow-md rounded-sm h-[600px] bg-white\">\n\t\t\t\t<div>\n\t\t\t<a href=\"https:\/\/arenso.fi\/en\/suomen-hyotytuuli-receives-a-grant-of-30-000-000-euro-for-tahkoluoto-offshore-wind-power-demo-project\/\">\n\t\t\t\t\t\t\t\t\t<img decoding=\"async\" src=\"https:\/\/arenso.fi\/app\/uploads\/sites\/2\/2023\/11\/nikkarinkaarron-tuulipuisto.jpg.webp\" alt=\"Nikkarinkaarron tuulipuisto \/ Nikkarinkaarto wind farm\" class=\"w-full h-56 object-cover object-center rounded-t-sm mb-4 hover:opacity-70\">\n\t\t\t\t\t\t\t<\/a>\n\t\t<\/div>\n\t\t<div class=\"flex flex-col justify-between px-4 pt-4 text-center h-full\">\n\t\t\t<div>\n\t\t\t\t<a href=\"https:\/\/arenso.fi\/en\/suomen-hyotytuuli-receives-a-grant-of-30-000-000-euro-for-tahkoluoto-offshore-wind-power-demo-project\/\">\n\t\t\t\t\t<h3 class=\"font-bold hover:text-link-hover hover:border-link-hover\">Suomen Hy\u00f6tytuuli receives a grant of 30\u00a0000\u00a0000 euro for Tahkoluoto offshore wind power demo projec&#8230;\n\t\t\t\t\t<\/h3>\n\t\t\t\t<\/a>\n\t\t\t\t<p class=\"m-2\">Published\n\t\t\t\t\t15.02.2023<\/p>\n\t\t\t<\/div>\n\t\t\t\t\t\t\t<p class=\"text-center p-small text-gray-500 text-balance\">\nThe Ministry of Economic Affairs and Employment of Finland has granted 30&nbsp;000&nbsp;000 euro for offshore wind power investment in accordance with Finland\u2019s Recovery and Resilience Plan and utili&#8230;<\/p>\n\t\t\t\t\t\t<div class=\"flex justify-center z-20 pb-4\">\n\t\t\t\t<a href=\"https:\/\/arenso.fi\/en\/suomen-hyotytuuli-receives-a-grant-of-30-000-000-euro-for-tahkoluoto-offshore-wind-power-demo-project\/\" class=\"button relative flex px-7 py-4 items-center rounded-full text-arenso border border-arenso bg-hover:bg-white hover:text-link-hover hover:border-link-hover\">\n\t\t\t\t\t<span class=\"p pr-2\">Read more<\/span>\n\t\t\t\t\t<div class=\"\"><svg xmlns=\"http:\/\/www.w3.org\/2000\/svg\" fill=\"none\" viewBox=\"0 0 24 24\" stroke-width=\"1.5\" stroke=\"currentColor\" class=\"w-6 h-6\">\n  <path stroke-linecap=\"round\" stroke-linejoin=\"round\" d=\"M17.25 8.25 21 12m0 0-3.75 3.75M21 12H3\" \/>\n<\/svg>\n<\/div>\n\t\t\t\t<\/a>\n\t\t\t<\/div>\n\t\t<\/div>\n\t<\/div>\n<\/article>\n\t\t\t\t\t\t<\/div>\n\t\t\t\t\t\t\t\t\t\t\t<div class=\"swiper-slide relative\">\n\t\t\t\t\t\t\t<article class=\"tease tease-post\" id=\"tease-946\">\n\t\t<div class=\"flex flex-col shadow-md rounded-sm h-[600px] bg-white\">\n\t\t\t\t<div>\n\t\t\t<a href=\"https:\/\/arenso.fi\/en\/metsahallitus-to-lease-water-area-to-tahkoluoto-extension-offshore-wind-farm\/\">\n\t\t\t\t\t\t\t\t\t<img decoding=\"async\" src=\"https:\/\/arenso.fi\/app\/uploads\/sites\/2\/2023\/11\/nikkarinkaarron-tuulipuisto.jpg.webp\" alt=\"Nikkarinkaarron tuulipuisto \/ Nikkarinkaarto wind farm\" class=\"w-full h-56 object-cover object-center rounded-t-sm mb-4 hover:opacity-70\">\n\t\t\t\t\t\t\t<\/a>\n\t\t<\/div>\n\t\t<div class=\"flex flex-col justify-between px-4 pt-4 text-center h-full\">\n\t\t\t<div>\n\t\t\t\t<a href=\"https:\/\/arenso.fi\/en\/metsahallitus-to-lease-water-area-to-tahkoluoto-extension-offshore-wind-farm\/\">\n\t\t\t\t\t<h3 class=\"font-bold hover:text-link-hover hover:border-link-hover\">Mets\u00e4hallitus to lease water area to Tahkoluoto Extension offshore wind farm\n\t\t\t\t\t<\/h3>\n\t\t\t\t<\/a>\n\t\t\t\t<p class=\"m-2\">Published\n\t\t\t\t\t31.01.2023<\/p>\n\t\t\t<\/div>\n\t\t\t\t\t\t\t<p class=\"text-center p-small text-gray-500 text-balance\">\nMets\u00e4hallitus and Suomen Hy\u00f6tytuuli have signed an access right contract by which Mets\u00e4hallitus leases the public water area off the coast of Pori Tahkoluoto to Suomen Hy\u00f6tytuuli for wind power produ&#8230;<\/p>\n\t\t\t\t\t\t<div class=\"flex justify-center z-20 pb-4\">\n\t\t\t\t<a href=\"https:\/\/arenso.fi\/en\/metsahallitus-to-lease-water-area-to-tahkoluoto-extension-offshore-wind-farm\/\" class=\"button relative flex px-7 py-4 items-center rounded-full text-arenso border border-arenso bg-hover:bg-white hover:text-link-hover hover:border-link-hover\">\n\t\t\t\t\t<span class=\"p pr-2\">Read more<\/span>\n\t\t\t\t\t<div class=\"\"><svg xmlns=\"http:\/\/www.w3.org\/2000\/svg\" fill=\"none\" viewBox=\"0 0 24 24\" stroke-width=\"1.5\" stroke=\"currentColor\" class=\"w-6 h-6\">\n  <path stroke-linecap=\"round\" stroke-linejoin=\"round\" d=\"M17.25 8.25 21 12m0 0-3.75 3.75M21 12H3\" \/>\n<\/svg>\n<\/div>\n\t\t\t\t<\/a>\n\t\t\t<\/div>\n\t\t<\/div>\n\t<\/div>\n<\/article>\n\t\t\t\t\t\t<\/div>\n\t\t\t\t\t\t\t\t\t\t\t<div class=\"swiper-slide relative\">\n\t\t\t\t\t\t\t<article class=\"tease tease-post\" id=\"tease-949\">\n\t\t<div class=\"flex flex-col shadow-md rounded-sm h-[600px] bg-white\">\n\t\t\t\t<div>\n\t\t\t<a href=\"https:\/\/arenso.fi\/en\/the-extension-project-to-suomen-hyotytuulis-tahkoluoto-offshore-wind-farm-proceeds-to-permitting-phase\/\">\n\t\t\t\t\t\t\t\t\t<img decoding=\"async\" src=\"https:\/\/arenso.fi\/app\/uploads\/sites\/2\/2023\/11\/nikkarinkaarron-tuulipuisto.jpg.webp\" alt=\"Nikkarinkaarron tuulipuisto \/ Nikkarinkaarto wind farm\" class=\"w-full h-56 object-cover object-center rounded-t-sm mb-4 hover:opacity-70\">\n\t\t\t\t\t\t\t<\/a>\n\t\t<\/div>\n\t\t<div class=\"flex flex-col justify-between px-4 pt-4 text-center h-full\">\n\t\t\t<div>\n\t\t\t\t<a href=\"https:\/\/arenso.fi\/en\/the-extension-project-to-suomen-hyotytuulis-tahkoluoto-offshore-wind-farm-proceeds-to-permitting-phase\/\">\n\t\t\t\t\t<h3 class=\"font-bold hover:text-link-hover hover:border-link-hover\">The extension project to Suomen Hy\u00f6tytuuli\u2019s Tahkoluoto offshore wind farm proceeds to permitting ph&#8230;\n\t\t\t\t\t<\/h3>\n\t\t\t\t<\/a>\n\t\t\t\t<p class=\"m-2\">Published\n\t\t\t\t\t05.01.2023<\/p>\n\t\t\t<\/div>\n\t\t\t\t\t\t\t<p class=\"text-center p-small text-gray-500 text-balance\">\nSuomen Hy\u00f6tytuuli\u2019s offshore wind farm project at Tahkoluoto, Pori on the west coast of Finland proceeds to permitting phase. The project is an extension to Finland\u2019s first offshore wind farm. With l&#8230;<\/p>\n\t\t\t\t\t\t<div class=\"flex justify-center z-20 pb-4\">\n\t\t\t\t<a href=\"https:\/\/arenso.fi\/en\/the-extension-project-to-suomen-hyotytuulis-tahkoluoto-offshore-wind-farm-proceeds-to-permitting-phase\/\" class=\"button relative flex px-7 py-4 items-center rounded-full text-arenso border border-arenso bg-hover:bg-white hover:text-link-hover hover:border-link-hover\">\n\t\t\t\t\t<span class=\"p pr-2\">Read more<\/span>\n\t\t\t\t\t<div class=\"\"><svg xmlns=\"http:\/\/www.w3.org\/2000\/svg\" fill=\"none\" viewBox=\"0 0 24 24\" stroke-width=\"1.5\" stroke=\"currentColor\" class=\"w-6 h-6\">\n  <path stroke-linecap=\"round\" stroke-linejoin=\"round\" d=\"M17.25 8.25 21 12m0 0-3.75 3.75M21 12H3\" \/>\n<\/svg>\n<\/div>\n\t\t\t\t<\/a>\n\t\t\t<\/div>\n\t\t<\/div>\n\t<\/div>\n<\/article>\n\t\t\t\t\t\t<\/div>\n\t\t\t\t\t\t\t\t\t<\/div>\n\t\t\t<\/div>\n\t\t<\/div>\n\t\t<div class=\"ArticleCarouselButtons hidden md:block\">\n\t\t\t<div id=\"prev-1\" class=\"swiper-button-prev 2xl:ml-20\"><\/div>\n\t\t\t<div id=\"next-1\" class=\"swiper-button-next 2xl:mr-20\"><\/div>\n\t\t<\/div>\n\t\t\t\t<div class=\"flex justify-center text-white bg-arenso p-8\">\n\t\t\t\t\t\t    \t\t\t\t<a href=\"https:\/\/arenso.fi\/en\/news\/\" class=\" flex text-white items-center px-4 hover:text-link-hover hover:border-link-hover\">\n\t\t\t\t\t<span class=\"p pr-1\">Read all the latest news<\/span>\n\t\t\t\t\t<div class=\"\"><svg xmlns=\"http:\/\/www.w3.org\/2000\/svg\" fill=\"none\" viewBox=\"0 0 24 24\" stroke-width=\"1.5\" stroke=\"currentColor\" class=\"w-6 h-6\">\n  <path stroke-linecap=\"round\" stroke-linejoin=\"round\" d=\"M17.25 8.25 21 12m0 0-3.75 3.75M21 12H3\" \/>\n<\/svg>\n<\/div>\n\t\t\t\t<\/a>\n\t\t\t\t\t\t\t\t\t\t    \t\t\t\t\t<\/div>\n\t\t\t<\/section>\n","protected":false},"excerpt":{"rendered":"<p>Contact persons for media Press releases Press releases concerning Arenso are available at&nbsp;ePress&nbsp;by searching for \u201cArenso\u201d. Members of the board Arenso\u2019s board members are Mr. Toni Sulameri, Managing Director, Mr. Esa Holttinen, Business Director, and Mr. Petri Mikola, Project Director. Arenso Oy is an expert in the challenging conditions at the Baltic Sea. The company [&hellip;]<\/p>\n","protected":false},"author":1,"featured_media":0,"parent":0,"menu_order":0,"comment_status":"closed","ping_status":"closed","template":"","meta":{"_acf_changed":false,"footnotes":""},"class_list":["post-904","page","type-page","status-publish","hentry"],"acf":[],"yoast_head":"<!-- This site is optimized with the Yoast SEO plugin v27.3 - https:\/\/yoast.com\/product\/yoast-seo-wordpress\/ -->\n<title>Media - Arenso<\/title>\n<meta name=\"robots\" content=\"index, follow, max-snippet:-1, max-image-preview:large, max-video-preview:-1\" \/>\n<link rel=\"canonical\" href=\"https:\/\/arenso.fi\/en\/media\/\" \/>\n<meta property=\"og:locale\" content=\"en_US\" \/>\n<meta property=\"og:type\" content=\"article\" \/>\n<meta property=\"og:title\" content=\"Media - Arenso\" \/>\n<meta property=\"og:description\" content=\"Contact persons for media Press releases Press releases concerning Arenso are available at&nbsp;ePress&nbsp;by searching for \u201cArenso\u201d. Members of the board Arenso\u2019s board members are Mr. Toni Sulameri, Managing Director, Mr. Esa Holttinen, Business Director, and Mr. Petri Mikola, Project Director. Arenso Oy is an expert in the challenging conditions at the Baltic Sea. The company [&hellip;]\" \/>\n<meta property=\"og:url\" content=\"https:\/\/arenso.fi\/en\/media\/\" \/>\n<meta property=\"og:site_name\" content=\"Arenso\" \/>\n<meta property=\"article:modified_time\" content=\"2026-04-10T05:29:37+00:00\" \/>\n<meta name=\"twitter:card\" content=\"summary_large_image\" \/>\n<meta name=\"twitter:label1\" content=\"Est. reading time\" \/>\n\t<meta name=\"twitter:data1\" content=\"1 minute\" \/>\n<script type=\"application\/ld+json\" class=\"yoast-schema-graph\">{\"@context\":\"https:\\\/\\\/schema.org\",\"@graph\":[{\"@type\":\"WebPage\",\"@id\":\"https:\\\/\\\/arenso.fi\\\/en\\\/media\\\/\",\"url\":\"https:\\\/\\\/arenso.fi\\\/en\\\/media\\\/\",\"name\":\"Media - Arenso\",\"isPartOf\":{\"@id\":\"https:\\\/\\\/arenso.fi\\\/en\\\/#website\"},\"datePublished\":\"2024-08-19T06:01:15+00:00\",\"dateModified\":\"2026-04-10T05:29:37+00:00\",\"breadcrumb\":{\"@id\":\"https:\\\/\\\/arenso.fi\\\/en\\\/media\\\/#breadcrumb\"},\"inLanguage\":\"en-US\",\"potentialAction\":[{\"@type\":\"ReadAction\",\"target\":[\"https:\\\/\\\/arenso.fi\\\/en\\\/media\\\/\"]}]},{\"@type\":\"BreadcrumbList\",\"@id\":\"https:\\\/\\\/arenso.fi\\\/en\\\/media\\\/#breadcrumb\",\"itemListElement\":[{\"@type\":\"ListItem\",\"position\":1,\"name\":\"Home\",\"item\":\"https:\\\/\\\/arenso.fi\\\/en\\\/\"},{\"@type\":\"ListItem\",\"position\":2,\"name\":\"Media\"}]},{\"@type\":\"WebSite\",\"@id\":\"https:\\\/\\\/arenso.fi\\\/en\\\/#website\",\"url\":\"https:\\\/\\\/arenso.fi\\\/en\\\/\",\"name\":\"Arenso\",\"description\":\"\",\"publisher\":{\"@id\":\"https:\\\/\\\/arenso.fi\\\/en\\\/#organization\"},\"potentialAction\":[{\"@type\":\"SearchAction\",\"target\":{\"@type\":\"EntryPoint\",\"urlTemplate\":\"https:\\\/\\\/arenso.fi\\\/en\\\/?s={search_term_string}\"},\"query-input\":{\"@type\":\"PropertyValueSpecification\",\"valueRequired\":true,\"valueName\":\"search_term_string\"}}],\"inLanguage\":\"en-US\"},{\"@type\":\"Organization\",\"@id\":\"https:\\\/\\\/arenso.fi\\\/en\\\/#organization\",\"name\":\"Arenso\",\"url\":\"https:\\\/\\\/arenso.fi\\\/en\\\/\",\"logo\":{\"@type\":\"ImageObject\",\"inLanguage\":\"en-US\",\"@id\":\"https:\\\/\\\/arenso.fi\\\/en\\\/#\\\/schema\\\/logo\\\/image\\\/\",\"url\":\"https:\\\/\\\/hyotytuuli.fi\\\/app\\\/uploads\\\/sites\\\/2\\\/2024\\\/08\\\/arenso-no-slogan_color-nega.png\",\"contentUrl\":\"https:\\\/\\\/hyotytuuli.fi\\\/app\\\/uploads\\\/sites\\\/2\\\/2024\\\/08\\\/arenso-no-slogan_color-nega.png\",\"width\":3000,\"height\":616,\"caption\":\"Arenso\"},\"image\":{\"@id\":\"https:\\\/\\\/arenso.fi\\\/en\\\/#\\\/schema\\\/logo\\\/image\\\/\"}}]}<\/script>\n<!-- \/ Yoast SEO plugin. -->","yoast_head_json":{"title":"Media - Arenso","robots":{"index":"index","follow":"follow","max-snippet":"max-snippet:-1","max-image-preview":"max-image-preview:large","max-video-preview":"max-video-preview:-1"},"canonical":"https:\/\/arenso.fi\/en\/media\/","og_locale":"en_US","og_type":"article","og_title":"Media - Arenso","og_description":"Contact persons for media Press releases Press releases concerning Arenso are available at&nbsp;ePress&nbsp;by searching for \u201cArenso\u201d. Members of the board Arenso\u2019s board members are Mr. Toni Sulameri, Managing Director, Mr. Esa Holttinen, Business Director, and Mr. Petri Mikola, Project Director. Arenso Oy is an expert in the challenging conditions at the Baltic Sea. The company [&hellip;]","og_url":"https:\/\/arenso.fi\/en\/media\/","og_site_name":"Arenso","article_modified_time":"2026-04-10T05:29:37+00:00","twitter_card":"summary_large_image","twitter_misc":{"Est. reading time":"1 minute"},"schema":{"@context":"https:\/\/schema.org","@graph":[{"@type":"WebPage","@id":"https:\/\/arenso.fi\/en\/media\/","url":"https:\/\/arenso.fi\/en\/media\/","name":"Media - Arenso","isPartOf":{"@id":"https:\/\/arenso.fi\/en\/#website"},"datePublished":"2024-08-19T06:01:15+00:00","dateModified":"2026-04-10T05:29:37+00:00","breadcrumb":{"@id":"https:\/\/arenso.fi\/en\/media\/#breadcrumb"},"inLanguage":"en-US","potentialAction":[{"@type":"ReadAction","target":["https:\/\/arenso.fi\/en\/media\/"]}]},{"@type":"BreadcrumbList","@id":"https:\/\/arenso.fi\/en\/media\/#breadcrumb","itemListElement":[{"@type":"ListItem","position":1,"name":"Home","item":"https:\/\/arenso.fi\/en\/"},{"@type":"ListItem","position":2,"name":"Media"}]},{"@type":"WebSite","@id":"https:\/\/arenso.fi\/en\/#website","url":"https:\/\/arenso.fi\/en\/","name":"Arenso","description":"","publisher":{"@id":"https:\/\/arenso.fi\/en\/#organization"},"potentialAction":[{"@type":"SearchAction","target":{"@type":"EntryPoint","urlTemplate":"https:\/\/arenso.fi\/en\/?s={search_term_string}"},"query-input":{"@type":"PropertyValueSpecification","valueRequired":true,"valueName":"search_term_string"}}],"inLanguage":"en-US"},{"@type":"Organization","@id":"https:\/\/arenso.fi\/en\/#organization","name":"Arenso","url":"https:\/\/arenso.fi\/en\/","logo":{"@type":"ImageObject","inLanguage":"en-US","@id":"https:\/\/arenso.fi\/en\/#\/schema\/logo\/image\/","url":"https:\/\/hyotytuuli.fi\/app\/uploads\/sites\/2\/2024\/08\/arenso-no-slogan_color-nega.png","contentUrl":"https:\/\/hyotytuuli.fi\/app\/uploads\/sites\/2\/2024\/08\/arenso-no-slogan_color-nega.png","width":3000,"height":616,"caption":"Arenso"},"image":{"@id":"https:\/\/arenso.fi\/en\/#\/schema\/logo\/image\/"}}]}},"_links":{"self":[{"href":"https:\/\/arenso.fi\/en\/wp-json\/wp\/v2\/pages\/904","targetHints":{"allow":["GET"]}}],"collection":[{"href":"https:\/\/arenso.fi\/en\/wp-json\/wp\/v2\/pages"}],"about":[{"href":"https:\/\/arenso.fi\/en\/wp-json\/wp\/v2\/types\/page"}],"author":[{"embeddable":true,"href":"https:\/\/arenso.fi\/en\/wp-json\/wp\/v2\/users\/1"}],"replies":[{"embeddable":true,"href":"https:\/\/arenso.fi\/en\/wp-json\/wp\/v2\/comments?post=904"}],"version-history":[{"count":11,"href":"https:\/\/arenso.fi\/en\/wp-json\/wp\/v2\/pages\/904\/revisions"}],"predecessor-version":[{"id":2013,"href":"https:\/\/arenso.fi\/en\/wp-json\/wp\/v2\/pages\/904\/revisions\/2013"}],"wp:attachment":[{"href":"https:\/\/arenso.fi\/en\/wp-json\/wp\/v2\/media?parent=904"}],"curies":[{"name":"wp","href":"https:\/\/api.w.org\/{rel}","templated":true}]}}