{"id":867,"date":"2024-08-01T09:25:51","date_gmt":"2024-08-01T07:25:51","guid":{"rendered":"https:\/\/arenso.fi\/etusivu\/"},"modified":"2026-04-09T20:43:35","modified_gmt":"2026-04-09T18:43:35","slug":"front-page","status":"publish","type":"page","link":"https:\/\/arenso.fi\/en\/","title":{"rendered":"Front page"},"content":{"rendered":"\n\n<style>\n                            @media screen and (min-width: 1px) and (max-width: 9999px) {\n            .Hero-215618183 {\n                background-image: url('https:\/\/arenso.fi\/app\/uploads\/sites\/2\/2024\/08\/Tahkoluoto-hero.jpg');\n            }\n        }\n            \n            @media screen and (max-width: 767.1px) {\n        .Hero-215618183 {\n            height: 230px !important;\n        }\n    }\n    \n                .Hero-215618183 {\n            height: 600px;\n        }\n    \n<\/style>\n\n<section class=\"mb-8\" >\n    <div class=\"\n        Hero\n        Hero-215618183\n        full-width\n        z-10\n        relative bg-cover\n        bg-center inset-x-2\/4\n        flex justify-center items-center\n    \">\n    \n        <div class=\" hero-content\n            hidden md:block\n            absolute bg-white p-6\n            space-between\n            left-24 xl:left-48\n            top-1\/4\n            max-w-md md:max-w-[576px]\n            min-w-md md:min-w-[576px] min-h-2xl md:min-h-72\n            \">\n                <h4 class=\" z-20 p-2 \">\n                    ARCTIC ENERGY SOLUTIONS\n                <\/h4>\n                            <h2 class=\" z-20 py-2 pl-2\">\n                    Development, implementation and life-cycle management of offshore wind energy projects.\n                <\/h2>\n                                        <div class=\"flex  z-20 p-2\">\n                    \n<a\nhref=\"https:\/\/arenso.fi\/en\/solutions\/\"\nalt=\"\"\ntarget=\"\"\nclass=\"button relative flex mt-3 mr-2 px-7 py-4 items-center rounded-full text-arenso border border-arenso bg-hover:bg-white hover:text-link-hover hover:border-link-hover\">\n    <span class=\"p pr-2\">Solutions<\/span>\n    <div class=\"\"><svg xmlns=\"http:\/\/www.w3.org\/2000\/svg\" fill=\"none\" viewBox=\"0 0 24 24\" stroke-width=\"1.5\" stroke=\"currentColor\" class=\"w-6 h-6\">\n  <path stroke-linecap=\"round\" stroke-linejoin=\"round\" d=\"M17.25 8.25 21 12m0 0-3.75 3.75M21 12H3\" \/>\n<\/svg>\n<\/div>\n<\/a>\n                <\/div>\n                    <\/div>\n        <\/div>\n            <div class=\"\n            block md:hidden bg-white z-20 -mt-12 relative\n            flex flex-col justify-center items-center\n            p-6\n            \">\n                <h4 class=\"text-center  relative p-2\">\n                    ARCTIC ENERGY SOLUTIONS\n                <\/h4>\n                            <h2 class=\" relative  text-center p-2\">\n                    Development, implementation and life-cycle management of offshore wind energy projects.\n                <\/h2>\n                                        <div class=\"flex justify-center p-2 \">\n                    \n<a\nhref=\"https:\/\/arenso.fi\/en\/solutions\/\"\nalt=\"\"\ntarget=\"\"\nclass=\"button relative flex mt-3 mr-2 px-7 py-4 items-center rounded-full text-arenso border border-arenso bg-hover:bg-white hover:text-link-hover hover:border-link-hover\">\n    <span class=\"p pr-2\">Solutions<\/span>\n    <div class=\"\"><svg xmlns=\"http:\/\/www.w3.org\/2000\/svg\" fill=\"none\" viewBox=\"0 0 24 24\" stroke-width=\"1.5\" stroke=\"currentColor\" class=\"w-6 h-6\">\n  <path stroke-linecap=\"round\" stroke-linejoin=\"round\" d=\"M17.25 8.25 21 12m0 0-3.75 3.75M21 12H3\" \/>\n<\/svg>\n<\/div>\n<\/a>\n                <\/div>\n                    <\/div>\n    <\/section>\n\n\n\n<div style=\"height:20px\" aria-hidden=\"true\" class=\"wp-block-spacer\"><\/div>\n\n\n\n<h2 class=\"wp-block-heading\">Arctic Energy Solutions&nbsp;<\/h2>\n\n\n\n<p class=\"has-text-align-left\">Arenso Oy delivers end-to-end offshore wind energy services. Working independently of solution suppliers and contractors, we help our customers implement sustainable and effective renewable energy projects. Our team of experts has over twenty years of experience in wind energy projects from development to construction, operation and maintenance and the dismantling and recycling of wind farms.\u00a0<\/p>\n\n\n\n<p class=\"has-text-align-left\"><strong>Arenso \u2013 cutting-edge expertise in sustainable and impactful renewable energy&nbsp;&nbsp;<\/strong><\/p>\n\n\n\n\t<section class=\"full-width inset-x-2\/4 relative  my-12\">\n\t\t<div>\n\t\t\t<h2 class=\"text-center text-3xl font-bold mb-4\">News from Arenso and partners<\/h2>\n\t\t<\/div>\n\t\t\t\t\t<div class=\"absolute h-[500px] right-0 left-0 top-48 bottom-0 bg-arenso\"><\/div>\n\t\t\t\t<div\n\t\t\tclass=\"Carousel relative wrap h-[620px]  \" >\n\t\t\t<!-- Slider main container -->\n\t\t\t<div id=\"swiper-1\" class=\"swiper  relative\">\n\t\t\t\t<!-- Additional required wrapper -->\n\t\t\t\t<div class=\"swiper-wrapper\">\n\t\t\t\t\t\t\t\t\t\t\t<div class=\"swiper-slide relative\">\n\t\t\t\t\t\t\t<article class=\"tease tease-post\" id=\"tease-1937\">\n\t\t<div class=\"flex flex-col shadow-md rounded-sm h-[600px] bg-white\">\n\t\t\t\t<div>\n\t\t\t<a href=\"https:\/\/arenso.fi\/en\/operative-management-buy-arenso-oys-offshore-wind-business\/\">\n\t\t\t\t\t\t\t\t\t<img decoding=\"async\" src=\"https:\/\/arenso.fi\/app\/uploads\/sites\/2\/2025\/09\/20250809_113922-scaled.jpg\" alt=\"\" class=\"w-full h-56 object-cover object-center rounded-t-sm mb-4 hover:opacity-70\">\n\t\t\t\t\t\t\t<\/a>\n\t\t<\/div>\n\t\t<div class=\"flex flex-col justify-between px-4 pt-4 text-center h-full\">\n\t\t\t<div>\n\t\t\t\t<a href=\"https:\/\/arenso.fi\/en\/operative-management-buy-arenso-oys-offshore-wind-business\/\">\n\t\t\t\t\t<h3 class=\"font-bold hover:text-link-hover hover:border-link-hover\">Operative management buy Arenso Oy\u2019s offshore wind business\n\t\t\t\t\t<\/h3>\n\t\t\t\t<\/a>\n\t\t\t\t<p class=\"m-2\">Published\n\t\t\t\t\t10.04.2026<\/p>\n\t\t\t<\/div>\n\t\t\t\t\t\t\t<p class=\"text-center p-small text-gray-500 text-balance\">\nArenso was founded in the demerger of Suomen Hy\u00f6tytuuli Oy in the autumn of 2024. The company has over twenty-five years of experience in developing, constructing and operating wind energy.\n\n\n\nPart o&#8230;<\/p>\n\t\t\t\t\t\t<div class=\"flex justify-center z-20 pb-4\">\n\t\t\t\t<a href=\"https:\/\/arenso.fi\/en\/operative-management-buy-arenso-oys-offshore-wind-business\/\" class=\"button relative flex px-7 py-4 items-center rounded-full text-arenso border border-arenso bg-hover:bg-white hover:text-link-hover hover:border-link-hover\">\n\t\t\t\t\t<span class=\"p pr-2\">Read more<\/span>\n\t\t\t\t\t<div class=\"\"><svg xmlns=\"http:\/\/www.w3.org\/2000\/svg\" fill=\"none\" viewBox=\"0 0 24 24\" stroke-width=\"1.5\" stroke=\"currentColor\" class=\"w-6 h-6\">\n  <path stroke-linecap=\"round\" stroke-linejoin=\"round\" d=\"M17.25 8.25 21 12m0 0-3.75 3.75M21 12H3\" \/>\n<\/svg>\n<\/div>\n\t\t\t\t<\/a>\n\t\t\t<\/div>\n\t\t<\/div>\n\t<\/div>\n<\/article>\n\t\t\t\t\t\t<\/div>\n\t\t\t\t\t\t\t\t\t\t\t<div class=\"swiper-slide relative\">\n\t\t\t\t\t\t\t<article class=\"tease tease-post\" id=\"tease-1942\">\n\t\t<div class=\"flex flex-col shadow-md rounded-sm h-[600px] bg-white\">\n\t\t\t\t<div>\n\t\t\t<a href=\"https:\/\/arenso.fi\/en\/arenso-oy-changes-its-name-to-hyotytuuli-services-oy\/\">\n\t\t\t\t\t\t\t\t\t<img decoding=\"async\" src=\"\/app\/themes\/hyotytuuli\/assets\/images\/artikkeli-placeholder.jpg\" alt=\"Artikkelikuva\" class=\"w-full h-56 object-cover object-center rounded-t-sm mb-4 hover:opacity-70\">\n\t\t\t\t\t\t\t<\/a>\n\t\t<\/div>\n\t\t<div class=\"flex flex-col justify-between px-4 pt-4 text-center h-full\">\n\t\t\t<div>\n\t\t\t\t<a href=\"https:\/\/arenso.fi\/en\/arenso-oy-changes-its-name-to-hyotytuuli-services-oy\/\">\n\t\t\t\t\t<h3 class=\"font-bold hover:text-link-hover hover:border-link-hover\">Arenso Oy changes its name to Hy\u00f6tytuuli Services Oy\n\t\t\t\t\t<\/h3>\n\t\t\t\t<\/a>\n\t\t\t\t<p class=\"m-2\">Published\n\t\t\t\t\t01.04.2026<\/p>\n\t\t\t<\/div>\n\t\t\t\t\t\t\t<p class=\"text-center p-small text-gray-500 text-balance\">\nWind energy company Arenso Oy has changed its name to Hy\u00f6tytuuli Services Oy. Hy\u00f6tytuuli Services places an even greater emphasis on providing wind energy services to its customer Suomen Hy\u00f6tytuuli O&#8230;<\/p>\n\t\t\t\t\t\t<div class=\"flex justify-center z-20 pb-4\">\n\t\t\t\t<a href=\"https:\/\/arenso.fi\/en\/arenso-oy-changes-its-name-to-hyotytuuli-services-oy\/\" class=\"button relative flex px-7 py-4 items-center rounded-full text-arenso border border-arenso bg-hover:bg-white hover:text-link-hover hover:border-link-hover\">\n\t\t\t\t\t<span class=\"p pr-2\">Read more<\/span>\n\t\t\t\t\t<div class=\"\"><svg xmlns=\"http:\/\/www.w3.org\/2000\/svg\" fill=\"none\" viewBox=\"0 0 24 24\" stroke-width=\"1.5\" stroke=\"currentColor\" class=\"w-6 h-6\">\n  <path stroke-linecap=\"round\" stroke-linejoin=\"round\" d=\"M17.25 8.25 21 12m0 0-3.75 3.75M21 12H3\" \/>\n<\/svg>\n<\/div>\n\t\t\t\t<\/a>\n\t\t\t<\/div>\n\t\t<\/div>\n\t<\/div>\n<\/article>\n\t\t\t\t\t\t<\/div>\n\t\t\t\t\t\t\t\t\t\t\t<div class=\"swiper-slide relative\">\n\t\t\t\t\t\t\t<article class=\"tease tease-post\" id=\"tease-1744\">\n\t\t<div class=\"flex flex-col shadow-md rounded-sm h-[600px] bg-white\">\n\t\t\t\t<div>\n\t\t\t<a href=\"https:\/\/arenso.fi\/en\/metsahallitus-commissions-arenso-for-technical-design-of-ebba-offshore-wind-projects-eia-programme-phase\/\">\n\t\t\t\t\t\t\t\t\t<img decoding=\"async\" src=\"https:\/\/arenso.fi\/app\/uploads\/sites\/2\/2025\/09\/20250809_113922-scaled.jpg\" alt=\"\" class=\"w-full h-56 object-cover object-center rounded-t-sm mb-4 hover:opacity-70\">\n\t\t\t\t\t\t\t<\/a>\n\t\t<\/div>\n\t\t<div class=\"flex flex-col justify-between px-4 pt-4 text-center h-full\">\n\t\t\t<div>\n\t\t\t\t<a href=\"https:\/\/arenso.fi\/en\/metsahallitus-commissions-arenso-for-technical-design-of-ebba-offshore-wind-projects-eia-programme-phase\/\">\n\t\t\t\t\t<h3 class=\"font-bold hover:text-link-hover hover:border-link-hover\">Mets\u00e4hallitus commissions Arenso for technical design of Ebba offshore wind project\u2019s EIA programme&#8230;\n\t\t\t\t\t<\/h3>\n\t\t\t\t<\/a>\n\t\t\t\t<p class=\"m-2\">Published\n\t\t\t\t\t18.09.2025<\/p>\n\t\t\t<\/div>\n\t\t\t\t\t\t\t<p class=\"text-center p-small text-gray-500 text-balance\">\nMets\u00e4hallitus has selected Arenso Oy to carry out the technical planning of the environmental impact assessment (EIA) programme phase of the Ebba offshore wind project. The project area is located in&#8230;<\/p>\n\t\t\t\t\t\t<div class=\"flex justify-center z-20 pb-4\">\n\t\t\t\t<a href=\"https:\/\/arenso.fi\/en\/metsahallitus-commissions-arenso-for-technical-design-of-ebba-offshore-wind-projects-eia-programme-phase\/\" class=\"button relative flex px-7 py-4 items-center rounded-full text-arenso border border-arenso bg-hover:bg-white hover:text-link-hover hover:border-link-hover\">\n\t\t\t\t\t<span class=\"p pr-2\">Read more<\/span>\n\t\t\t\t\t<div class=\"\"><svg xmlns=\"http:\/\/www.w3.org\/2000\/svg\" fill=\"none\" viewBox=\"0 0 24 24\" stroke-width=\"1.5\" stroke=\"currentColor\" class=\"w-6 h-6\">\n  <path stroke-linecap=\"round\" stroke-linejoin=\"round\" d=\"M17.25 8.25 21 12m0 0-3.75 3.75M21 12H3\" \/>\n<\/svg>\n<\/div>\n\t\t\t\t<\/a>\n\t\t\t<\/div>\n\t\t<\/div>\n\t<\/div>\n<\/article>\n\t\t\t\t\t\t<\/div>\n\t\t\t\t\t\t\t\t\t\t\t<div class=\"swiper-slide relative\">\n\t\t\t\t\t\t\t<article class=\"tease tease-post\" id=\"tease-1678\">\n\t\t<div class=\"flex flex-col shadow-md rounded-sm h-[600px] bg-white\">\n\t\t\t\t<div>\n\t\t\t<a href=\"https:\/\/arenso.fi\/en\/jaakko-kleemola-appointed-as-managing-director-of-suomen-hyotytuuli-and-arenso\/\">\n\t\t\t\t\t\t\t\t\t<img decoding=\"async\" src=\"\/app\/themes\/hyotytuuli\/assets\/images\/artikkeli-placeholder.jpg\" alt=\"Artikkelikuva\" class=\"w-full h-56 object-cover object-center rounded-t-sm mb-4 hover:opacity-70\">\n\t\t\t\t\t\t\t<\/a>\n\t\t<\/div>\n\t\t<div class=\"flex flex-col justify-between px-4 pt-4 text-center h-full\">\n\t\t\t<div>\n\t\t\t\t<a href=\"https:\/\/arenso.fi\/en\/jaakko-kleemola-appointed-as-managing-director-of-suomen-hyotytuuli-and-arenso\/\">\n\t\t\t\t\t<h3 class=\"font-bold hover:text-link-hover hover:border-link-hover\">Jaakko Kleemola appointed as Managing Director of Suomen Hy\u00f6tytuuli and Arenso\n\t\t\t\t\t<\/h3>\n\t\t\t\t<\/a>\n\t\t\t\t<p class=\"m-2\">Published\n\t\t\t\t\t19.08.2025<\/p>\n\t\t\t<\/div>\n\t\t\t\t\t\t\t<p class=\"text-center p-small text-gray-500 text-balance\">\nBusiness Director Jaakko Kleemola, D.Sc. (Tech.) has been appointed as Managing Director of two companies at the forefront of Finnish wind energy, Suomen Hy\u00f6tytuuli Oy and Arenso Oy. The appointment&#8230;<\/p>\n\t\t\t\t\t\t<div class=\"flex justify-center z-20 pb-4\">\n\t\t\t\t<a href=\"https:\/\/arenso.fi\/en\/jaakko-kleemola-appointed-as-managing-director-of-suomen-hyotytuuli-and-arenso\/\" class=\"button relative flex px-7 py-4 items-center rounded-full text-arenso border border-arenso bg-hover:bg-white hover:text-link-hover hover:border-link-hover\">\n\t\t\t\t\t<span class=\"p pr-2\">Read more<\/span>\n\t\t\t\t\t<div class=\"\"><svg xmlns=\"http:\/\/www.w3.org\/2000\/svg\" fill=\"none\" viewBox=\"0 0 24 24\" stroke-width=\"1.5\" stroke=\"currentColor\" class=\"w-6 h-6\">\n  <path stroke-linecap=\"round\" stroke-linejoin=\"round\" d=\"M17.25 8.25 21 12m0 0-3.75 3.75M21 12H3\" \/>\n<\/svg>\n<\/div>\n\t\t\t\t<\/a>\n\t\t\t<\/div>\n\t\t<\/div>\n\t<\/div>\n<\/article>\n\t\t\t\t\t\t<\/div>\n\t\t\t\t\t\t\t\t\t\t\t<div class=\"swiper-slide relative\">\n\t\t\t\t\t\t\t<article class=\"tease tease-post\" id=\"tease-1632\">\n\t\t<div class=\"flex flex-col shadow-md rounded-sm h-[600px] bg-white\">\n\t\t\t\t<div>\n\t\t\t<a href=\"https:\/\/arenso.fi\/en\/offshore-wind-projects-have-a-strong-impact-on-regional-economy-and-employment-according-to-a-new-study-by-tahkoluoto-offshore\/\">\n\t\t\t\t\t\t\t\t\t<img decoding=\"async\" src=\"https:\/\/arenso.fi\/app\/uploads\/sites\/2\/2025\/05\/Regional-impact-of-offshore-wind-projects.png\" alt=\"\" class=\"w-full h-56 object-cover object-center rounded-t-sm mb-4 hover:opacity-70\">\n\t\t\t\t\t\t\t<\/a>\n\t\t<\/div>\n\t\t<div class=\"flex flex-col justify-between px-4 pt-4 text-center h-full\">\n\t\t\t<div>\n\t\t\t\t<a href=\"https:\/\/arenso.fi\/en\/offshore-wind-projects-have-a-strong-impact-on-regional-economy-and-employment-according-to-a-new-study-by-tahkoluoto-offshore\/\">\n\t\t\t\t\t<h3 class=\"font-bold hover:text-link-hover hover:border-link-hover\">Offshore wind projects have a strong impact on regional economy and employment, according to a new s&#8230;\n\t\t\t\t\t<\/h3>\n\t\t\t\t<\/a>\n\t\t\t\t<p class=\"m-2\">Published\n\t\t\t\t\t20.05.2025<\/p>\n\t\t\t<\/div>\n\t\t\t\t\t\t\t<p class=\"text-center p-small text-gray-500 text-balance\">\nTahkoluoto Offshore\u2019s new study shows that offshore wind energy investments have a strong impact on regional economy and employment in Finland. The study investigated the direct and multiplier econom&#8230;<\/p>\n\t\t\t\t\t\t<div class=\"flex justify-center z-20 pb-4\">\n\t\t\t\t<a href=\"https:\/\/arenso.fi\/en\/offshore-wind-projects-have-a-strong-impact-on-regional-economy-and-employment-according-to-a-new-study-by-tahkoluoto-offshore\/\" class=\"button relative flex px-7 py-4 items-center rounded-full text-arenso border border-arenso bg-hover:bg-white hover:text-link-hover hover:border-link-hover\">\n\t\t\t\t\t<span class=\"p pr-2\">Read more<\/span>\n\t\t\t\t\t<div class=\"\"><svg xmlns=\"http:\/\/www.w3.org\/2000\/svg\" fill=\"none\" viewBox=\"0 0 24 24\" stroke-width=\"1.5\" stroke=\"currentColor\" class=\"w-6 h-6\">\n  <path stroke-linecap=\"round\" stroke-linejoin=\"round\" d=\"M17.25 8.25 21 12m0 0-3.75 3.75M21 12H3\" \/>\n<\/svg>\n<\/div>\n\t\t\t\t<\/a>\n\t\t\t<\/div>\n\t\t<\/div>\n\t<\/div>\n<\/article>\n\t\t\t\t\t\t<\/div>\n\t\t\t\t\t\t\t\t\t\t\t<div class=\"swiper-slide relative\">\n\t\t\t\t\t\t\t<article class=\"tease tease-post\" id=\"tease-1595\">\n\t\t<div class=\"flex flex-col shadow-md rounded-sm h-[600px] bg-white\">\n\t\t\t\t<div>\n\t\t\t<a href=\"https:\/\/arenso.fi\/en\/model-based-on-bird-radar-data-to-improve-bird-protection-in-offshore-wind-projects-in-the-baltic-sea-2\/\">\n\t\t\t\t\t\t\t\t\t<img decoding=\"async\" src=\"https:\/\/arenso.fi\/app\/uploads\/sites\/2\/2024\/08\/lintututka.jpg.webp\" alt=\"Tahkoluodon lintututka \/ Bird radar at Tahkoluoto\" class=\"w-full h-56 object-cover object-center rounded-t-sm mb-4 hover:opacity-70\">\n\t\t\t\t\t\t\t<\/a>\n\t\t<\/div>\n\t\t<div class=\"flex flex-col justify-between px-4 pt-4 text-center h-full\">\n\t\t\t<div>\n\t\t\t\t<a href=\"https:\/\/arenso.fi\/en\/model-based-on-bird-radar-data-to-improve-bird-protection-in-offshore-wind-projects-in-the-baltic-sea-2\/\">\n\t\t\t\t\t<h3 class=\"font-bold hover:text-link-hover hover:border-link-hover\">Model based on bird radar data to improve bird protection in offshore wind projects in the Baltic Se&#8230;\n\t\t\t\t\t<\/h3>\n\t\t\t\t<\/a>\n\t\t\t\t<p class=\"m-2\">Published\n\t\t\t\t\t30.04.2025<\/p>\n\t\t\t<\/div>\n\t\t\t\t\t\t\t<p class=\"text-center p-small text-gray-500 text-balance\">\nKotimaisen tuulivoiman edell\u00e4k\u00e4vij\u00e4 Arenso Oy on k\u00e4ynnist\u00e4nyt hankkeen, jossa hy\u00f6dynnet\u00e4\u00e4n Tahkoluodon merituulipuiston lintututkan avulla kymmenen vuoden ajan ker\u00e4tty\u00e4 tietoa tuulivoiman vaikutuksis&#8230;<\/p>\n\t\t\t\t\t\t<div class=\"flex justify-center z-20 pb-4\">\n\t\t\t\t<a href=\"https:\/\/arenso.fi\/en\/model-based-on-bird-radar-data-to-improve-bird-protection-in-offshore-wind-projects-in-the-baltic-sea-2\/\" class=\"button relative flex px-7 py-4 items-center rounded-full text-arenso border border-arenso bg-hover:bg-white hover:text-link-hover hover:border-link-hover\">\n\t\t\t\t\t<span class=\"p pr-2\">Read more<\/span>\n\t\t\t\t\t<div class=\"\"><svg xmlns=\"http:\/\/www.w3.org\/2000\/svg\" fill=\"none\" viewBox=\"0 0 24 24\" stroke-width=\"1.5\" stroke=\"currentColor\" class=\"w-6 h-6\">\n  <path stroke-linecap=\"round\" stroke-linejoin=\"round\" d=\"M17.25 8.25 21 12m0 0-3.75 3.75M21 12H3\" \/>\n<\/svg>\n<\/div>\n\t\t\t\t<\/a>\n\t\t\t<\/div>\n\t\t<\/div>\n\t<\/div>\n<\/article>\n\t\t\t\t\t\t<\/div>\n\t\t\t\t\t\t\t\t\t\t\t<div class=\"swiper-slide relative\">\n\t\t\t\t\t\t\t<article class=\"tease tease-post\" id=\"tease-1506\">\n\t\t<div class=\"flex flex-col shadow-md rounded-sm h-[600px] bg-white\">\n\t\t\t\t<div>\n\t\t\t<a href=\"https:\/\/arenso.fi\/en\/arenso-and-utilitas-partner-for-basic-design-of-the-saare-liivi-offshore-wind-park\/\">\n\t\t\t\t\t\t\t\t\t<img decoding=\"async\" src=\"https:\/\/arenso.fi\/app\/uploads\/sites\/2\/2025\/03\/Utilitas-scaled.jpg\" alt=\"\" class=\"w-full h-56 object-cover object-center rounded-t-sm mb-4 hover:opacity-70\">\n\t\t\t\t\t\t\t<\/a>\n\t\t<\/div>\n\t\t<div class=\"flex flex-col justify-between px-4 pt-4 text-center h-full\">\n\t\t\t<div>\n\t\t\t\t<a href=\"https:\/\/arenso.fi\/en\/arenso-and-utilitas-partner-for-basic-design-of-the-saare-liivi-offshore-wind-park\/\">\n\t\t\t\t\t<h3 class=\"font-bold hover:text-link-hover hover:border-link-hover\">Arenso and Utilitas partner for Basic Design of the Saare-Liivi Offshore Wind Park\n\t\t\t\t\t<\/h3>\n\t\t\t\t<\/a>\n\t\t\t\t<p class=\"m-2\">Published\n\t\t\t\t\t03.03.2025<\/p>\n\t\t\t<\/div>\n\t\t\t\t\t\t\t<p class=\"text-center p-small text-gray-500 text-balance\">\nThe Finnish wind energy service provider Arenso Oy and a leading Estonia-based renewable energy developer and producer Utilitas Wind have signed an agreement for co-operation in the Saare-Liivi Offsh&#8230;<\/p>\n\t\t\t\t\t\t<div class=\"flex justify-center z-20 pb-4\">\n\t\t\t\t<a href=\"https:\/\/arenso.fi\/en\/arenso-and-utilitas-partner-for-basic-design-of-the-saare-liivi-offshore-wind-park\/\" class=\"button relative flex px-7 py-4 items-center rounded-full text-arenso border border-arenso bg-hover:bg-white hover:text-link-hover hover:border-link-hover\">\n\t\t\t\t\t<span class=\"p pr-2\">Read more<\/span>\n\t\t\t\t\t<div class=\"\"><svg xmlns=\"http:\/\/www.w3.org\/2000\/svg\" fill=\"none\" viewBox=\"0 0 24 24\" stroke-width=\"1.5\" stroke=\"currentColor\" class=\"w-6 h-6\">\n  <path stroke-linecap=\"round\" stroke-linejoin=\"round\" d=\"M17.25 8.25 21 12m0 0-3.75 3.75M21 12H3\" \/>\n<\/svg>\n<\/div>\n\t\t\t\t<\/a>\n\t\t\t<\/div>\n\t\t<\/div>\n\t<\/div>\n<\/article>\n\t\t\t\t\t\t<\/div>\n\t\t\t\t\t\t\t\t\t\t\t<div class=\"swiper-slide relative\">\n\t\t\t\t\t\t\t<article class=\"tease tease-post\" id=\"tease-1488\">\n\t\t<div class=\"flex flex-col shadow-md rounded-sm h-[600px] bg-white\">\n\t\t\t\t<div>\n\t\t\t<a href=\"https:\/\/arenso.fi\/en\/port-of-kaskinen-and-tahkoluoto-offshore-oy-partner-to-develop-logistics-solutions-for-offshore-wind-power\/\">\n\t\t\t\t\t\t\t\t\t<img decoding=\"async\" src=\"https:\/\/arenso.fi\/app\/uploads\/sites\/2\/2024\/06\/tahkoluoto5-scaled-1.jpg\" alt=\"Tahkoluodon merituulipuisto \/ Tahkoluoto offshore wind farm\" class=\"w-full h-56 object-cover object-center rounded-t-sm mb-4 hover:opacity-70\">\n\t\t\t\t\t\t\t<\/a>\n\t\t<\/div>\n\t\t<div class=\"flex flex-col justify-between px-4 pt-4 text-center h-full\">\n\t\t\t<div>\n\t\t\t\t<a href=\"https:\/\/arenso.fi\/en\/port-of-kaskinen-and-tahkoluoto-offshore-oy-partner-to-develop-logistics-solutions-for-offshore-wind-power\/\">\n\t\t\t\t\t<h3 class=\"font-bold hover:text-link-hover hover:border-link-hover\">Port of Kaskinen and Tahkoluoto Offshore Oy partner to develop logistics solutions for offshore wind&#8230;\n\t\t\t\t\t<\/h3>\n\t\t\t\t<\/a>\n\t\t\t\t<p class=\"m-2\">Published\n\t\t\t\t\t13.02.2025<\/p>\n\t\t\t<\/div>\n\t\t\t\t\t\t\t<p class=\"text-center p-small text-gray-500 text-balance\">\nThe Port of Kaskinen and Tahkoluoto Offshore Oy have signed a Memorandum of Understanding (MOU) to assess the port\u2019s suitability and role in developing logistics and infrastructure for the Tahkoluoto&#8230;<\/p>\n\t\t\t\t\t\t<div class=\"flex justify-center z-20 pb-4\">\n\t\t\t\t<a href=\"https:\/\/arenso.fi\/en\/port-of-kaskinen-and-tahkoluoto-offshore-oy-partner-to-develop-logistics-solutions-for-offshore-wind-power\/\" class=\"button relative flex px-7 py-4 items-center rounded-full text-arenso border border-arenso bg-hover:bg-white hover:text-link-hover hover:border-link-hover\">\n\t\t\t\t\t<span class=\"p pr-2\">Read more<\/span>\n\t\t\t\t\t<div class=\"\"><svg xmlns=\"http:\/\/www.w3.org\/2000\/svg\" fill=\"none\" viewBox=\"0 0 24 24\" stroke-width=\"1.5\" stroke=\"currentColor\" class=\"w-6 h-6\">\n  <path stroke-linecap=\"round\" stroke-linejoin=\"round\" d=\"M17.25 8.25 21 12m0 0-3.75 3.75M21 12H3\" \/>\n<\/svg>\n<\/div>\n\t\t\t\t<\/a>\n\t\t\t<\/div>\n\t\t<\/div>\n\t<\/div>\n<\/article>\n\t\t\t\t\t\t<\/div>\n\t\t\t\t\t\t\t\t\t\t\t<div class=\"swiper-slide relative\">\n\t\t\t\t\t\t\t<article class=\"tease tease-post\" id=\"tease-1354\">\n\t\t<div class=\"flex flex-col shadow-md rounded-sm h-[600px] bg-white\">\n\t\t\t\t<div>\n\t\t\t<a href=\"https:\/\/arenso.fi\/en\/tahkoluoto-offshore-wind-extension-project-proceeds-without-demonstration-phase\/\">\n\t\t\t\t\t\t\t\t\t<img decoding=\"async\" src=\"https:\/\/arenso.fi\/app\/uploads\/sites\/2\/2024\/08\/20230824-1502181-1-scaled.jpg.webp\" alt=\"Tahkoluodon merituulipuisto \/ Tahkoluoto offshore wind farm\" class=\"w-full h-56 object-cover object-center rounded-t-sm mb-4 hover:opacity-70\">\n\t\t\t\t\t\t\t<\/a>\n\t\t<\/div>\n\t\t<div class=\"flex flex-col justify-between px-4 pt-4 text-center h-full\">\n\t\t\t<div>\n\t\t\t\t<a href=\"https:\/\/arenso.fi\/en\/tahkoluoto-offshore-wind-extension-project-proceeds-without-demonstration-phase\/\">\n\t\t\t\t\t<h3 class=\"font-bold hover:text-link-hover hover:border-link-hover\">Tahkoluoto Offshore Wind Extension project proceeds without demonstration phase\n\t\t\t\t\t<\/h3>\n\t\t\t\t<\/a>\n\t\t\t\t<p class=\"m-2\">Published\n\t\t\t\t\t09.01.2025<\/p>\n\t\t\t<\/div>\n\t\t\t\t\t\t\t<p class=\"text-center p-small text-gray-500 text-balance\">\nTahkoluoto Offshore Oy will proceed with the development of the Tahkoluoto offshore wind farm Extension project without the two-turbine demonstration phase. The demo phase was discontinued due to tim&#8230;<\/p>\n\t\t\t\t\t\t<div class=\"flex justify-center z-20 pb-4\">\n\t\t\t\t<a href=\"https:\/\/arenso.fi\/en\/tahkoluoto-offshore-wind-extension-project-proceeds-without-demonstration-phase\/\" class=\"button relative flex px-7 py-4 items-center rounded-full text-arenso border border-arenso bg-hover:bg-white hover:text-link-hover hover:border-link-hover\">\n\t\t\t\t\t<span class=\"p pr-2\">Read more<\/span>\n\t\t\t\t\t<div class=\"\"><svg xmlns=\"http:\/\/www.w3.org\/2000\/svg\" fill=\"none\" viewBox=\"0 0 24 24\" stroke-width=\"1.5\" stroke=\"currentColor\" class=\"w-6 h-6\">\n  <path stroke-linecap=\"round\" stroke-linejoin=\"round\" d=\"M17.25 8.25 21 12m0 0-3.75 3.75M21 12H3\" \/>\n<\/svg>\n<\/div>\n\t\t\t\t<\/a>\n\t\t\t<\/div>\n\t\t<\/div>\n\t<\/div>\n<\/article>\n\t\t\t\t\t\t<\/div>\n\t\t\t\t\t\t\t\t\t\t\t<div class=\"swiper-slide relative\">\n\t\t\t\t\t\t\t<article class=\"tease tease-post\" id=\"tease-928\">\n\t\t<div class=\"flex flex-col shadow-md rounded-sm h-[600px] bg-white\">\n\t\t\t\t<div>\n\t\t\t<a href=\"https:\/\/arenso.fi\/en\/tahkoluoto-offshore-wind-farm-extension-project-has-continued-test-dredging-of-the-seabed\/\">\n\t\t\t\t\t\t\t\t\t<img decoding=\"async\" src=\"https:\/\/arenso.fi\/app\/uploads\/sites\/2\/2024\/08\/20230824-1502181-1-scaled.jpg.webp\" alt=\"Tahkoluodon merituulipuisto \/ Tahkoluoto offshore wind farm\" class=\"w-full h-56 object-cover object-center rounded-t-sm mb-4 hover:opacity-70\">\n\t\t\t\t\t\t\t<\/a>\n\t\t<\/div>\n\t\t<div class=\"flex flex-col justify-between px-4 pt-4 text-center h-full\">\n\t\t\t<div>\n\t\t\t\t<a href=\"https:\/\/arenso.fi\/en\/tahkoluoto-offshore-wind-farm-extension-project-has-continued-test-dredging-of-the-seabed\/\">\n\t\t\t\t\t<h3 class=\"font-bold hover:text-link-hover hover:border-link-hover\">Tahkoluoto offshore wind farm Extension project has continued test dredging of the seabed\n\t\t\t\t\t<\/h3>\n\t\t\t\t<\/a>\n\t\t\t\t<p class=\"m-2\">Published\n\t\t\t\t\t13.05.2024<\/p>\n\t\t\t<\/div>\n\t\t\t\t\t\t\t<p class=\"text-center p-small text-gray-500 text-balance\">\nIn early May, Suomen Hy\u00f6tytuuli carried out test dredging in the area of the Tahkoluoto offshore wind farm Extension project to test suitable methods for building offshore wind power off the coast of&#8230;<\/p>\n\t\t\t\t\t\t<div class=\"flex justify-center z-20 pb-4\">\n\t\t\t\t<a href=\"https:\/\/arenso.fi\/en\/tahkoluoto-offshore-wind-farm-extension-project-has-continued-test-dredging-of-the-seabed\/\" class=\"button relative flex px-7 py-4 items-center rounded-full text-arenso border border-arenso bg-hover:bg-white hover:text-link-hover hover:border-link-hover\">\n\t\t\t\t\t<span class=\"p pr-2\">Read more<\/span>\n\t\t\t\t\t<div class=\"\"><svg xmlns=\"http:\/\/www.w3.org\/2000\/svg\" fill=\"none\" viewBox=\"0 0 24 24\" stroke-width=\"1.5\" stroke=\"currentColor\" class=\"w-6 h-6\">\n  <path stroke-linecap=\"round\" stroke-linejoin=\"round\" d=\"M17.25 8.25 21 12m0 0-3.75 3.75M21 12H3\" \/>\n<\/svg>\n<\/div>\n\t\t\t\t<\/a>\n\t\t\t<\/div>\n\t\t<\/div>\n\t<\/div>\n<\/article>\n\t\t\t\t\t\t<\/div>\n\t\t\t\t\t\t\t\t\t\t\t<div class=\"swiper-slide relative\">\n\t\t\t\t\t\t\t<article class=\"tease tease-post\" id=\"tease-931\">\n\t\t<div class=\"flex flex-col shadow-md rounded-sm h-[600px] bg-white\">\n\t\t\t\t<div>\n\t\t\t<a href=\"https:\/\/arenso.fi\/en\/suomen-hyotytuuli-supports-finnish-governments-offshore-wind-plans\/\">\n\t\t\t\t\t\t\t\t\t<img decoding=\"async\" src=\"https:\/\/arenso.fi\/app\/uploads\/sites\/2\/2024\/06\/tahkoluoto5-scaled-1.jpg\" alt=\"Tahkoluodon merituulipuisto \/ Tahkoluoto offshore wind farm\" class=\"w-full h-56 object-cover object-center rounded-t-sm mb-4 hover:opacity-70\">\n\t\t\t\t\t\t\t<\/a>\n\t\t<\/div>\n\t\t<div class=\"flex flex-col justify-between px-4 pt-4 text-center h-full\">\n\t\t\t<div>\n\t\t\t\t<a href=\"https:\/\/arenso.fi\/en\/suomen-hyotytuuli-supports-finnish-governments-offshore-wind-plans\/\">\n\t\t\t\t\t<h3 class=\"font-bold hover:text-link-hover hover:border-link-hover\">Suomen Hy\u00f6tytuuli supports Finnish Government\u2019s offshore wind plans\n\t\t\t\t\t<\/h3>\n\t\t\t\t<\/a>\n\t\t\t\t<p class=\"m-2\">Published\n\t\t\t\t\t03.05.2024<\/p>\n\t\t\t<\/div>\n\t\t\t\t\t\t\t<p class=\"text-center p-small text-gray-500 text-balance\">\nThe Finnish Government rejected the applications for exploitation rights concerning offshore wind power in the exclusive economic zone (EEZ) in the Gulf of Bothnia on 2 May 2024. Suomen Hy\u00f6tytuuli wa&#8230;<\/p>\n\t\t\t\t\t\t<div class=\"flex justify-center z-20 pb-4\">\n\t\t\t\t<a href=\"https:\/\/arenso.fi\/en\/suomen-hyotytuuli-supports-finnish-governments-offshore-wind-plans\/\" class=\"button relative flex px-7 py-4 items-center rounded-full text-arenso border border-arenso bg-hover:bg-white hover:text-link-hover hover:border-link-hover\">\n\t\t\t\t\t<span class=\"p pr-2\">Read more<\/span>\n\t\t\t\t\t<div class=\"\"><svg xmlns=\"http:\/\/www.w3.org\/2000\/svg\" fill=\"none\" viewBox=\"0 0 24 24\" stroke-width=\"1.5\" stroke=\"currentColor\" class=\"w-6 h-6\">\n  <path stroke-linecap=\"round\" stroke-linejoin=\"round\" d=\"M17.25 8.25 21 12m0 0-3.75 3.75M21 12H3\" \/>\n<\/svg>\n<\/div>\n\t\t\t\t<\/a>\n\t\t\t<\/div>\n\t\t<\/div>\n\t<\/div>\n<\/article>\n\t\t\t\t\t\t<\/div>\n\t\t\t\t\t\t\t\t\t\t\t<div class=\"swiper-slide relative\">\n\t\t\t\t\t\t\t<article class=\"tease tease-post\" id=\"tease-934\">\n\t\t<div class=\"flex flex-col shadow-md rounded-sm h-[600px] bg-white\">\n\t\t\t\t<div>\n\t\t\t<a href=\"https:\/\/arenso.fi\/en\/suomen-hyotytuuli-carries-out-a-full-demerger-to-prepare-for-large-scale-offshore-wind-power-investments\/\">\n\t\t\t\t\t\t\t\t\t<img decoding=\"async\" src=\"https:\/\/arenso.fi\/app\/uploads\/sites\/2\/2024\/08\/20230711-212037-2-scaled.jpg.webp\" alt=\"Tahkoluodon merituulipuisto \/ Tahkoluoto offshore wind farm\" class=\"w-full h-56 object-cover object-center rounded-t-sm mb-4 hover:opacity-70\">\n\t\t\t\t\t\t\t<\/a>\n\t\t<\/div>\n\t\t<div class=\"flex flex-col justify-between px-4 pt-4 text-center h-full\">\n\t\t\t<div>\n\t\t\t\t<a href=\"https:\/\/arenso.fi\/en\/suomen-hyotytuuli-carries-out-a-full-demerger-to-prepare-for-large-scale-offshore-wind-power-investments\/\">\n\t\t\t\t\t<h3 class=\"font-bold hover:text-link-hover hover:border-link-hover\">Suomen Hy\u00f6tytuuli carries out a full demerger to prepare for large-scale offshore wind power investm&#8230;\n\t\t\t\t\t<\/h3>\n\t\t\t\t<\/a>\n\t\t\t\t<p class=\"m-2\">Published\n\t\t\t\t\t08.03.2024<\/p>\n\t\t\t<\/div>\n\t\t\t\t\t\t\t<p class=\"text-center p-small text-gray-500 text-balance\">\nThe Finnish wind energy company Suomen Hy\u00f6tytuuli Oy will carry out a full demerger to strengthen its offshore wind production. The wind farms owned by Suomen Hy\u00f6tytuuli will transfer to a new compan&#8230;<\/p>\n\t\t\t\t\t\t<div class=\"flex justify-center z-20 pb-4\">\n\t\t\t\t<a href=\"https:\/\/arenso.fi\/en\/suomen-hyotytuuli-carries-out-a-full-demerger-to-prepare-for-large-scale-offshore-wind-power-investments\/\" class=\"button relative flex px-7 py-4 items-center rounded-full text-arenso border border-arenso bg-hover:bg-white hover:text-link-hover hover:border-link-hover\">\n\t\t\t\t\t<span class=\"p pr-2\">Read more<\/span>\n\t\t\t\t\t<div class=\"\"><svg xmlns=\"http:\/\/www.w3.org\/2000\/svg\" fill=\"none\" viewBox=\"0 0 24 24\" stroke-width=\"1.5\" stroke=\"currentColor\" class=\"w-6 h-6\">\n  <path stroke-linecap=\"round\" stroke-linejoin=\"round\" d=\"M17.25 8.25 21 12m0 0-3.75 3.75M21 12H3\" \/>\n<\/svg>\n<\/div>\n\t\t\t\t<\/a>\n\t\t\t<\/div>\n\t\t<\/div>\n\t<\/div>\n<\/article>\n\t\t\t\t\t\t<\/div>\n\t\t\t\t\t\t\t\t\t\t\t<div class=\"swiper-slide relative\">\n\t\t\t\t\t\t\t<article class=\"tease tease-post\" id=\"tease-937\">\n\t\t<div class=\"flex flex-col shadow-md rounded-sm h-[600px] bg-white\">\n\t\t\t\t<div>\n\t\t\t<a href=\"https:\/\/arenso.fi\/en\/tahkoluodon-merituulipuiston-laajennuksen-demohankkeelle-rakennus-ja-vesiluvat\/\">\n\t\t\t\t\t\t\t\t\t<img decoding=\"async\" src=\"https:\/\/arenso.fi\/app\/uploads\/sites\/2\/2024\/08\/20230711-2123131-scaled.jpg.webp\" alt=\"Tahkoluodon merituulipuisto \/ Tahkoluoto offshore wind farm\" class=\"w-full h-56 object-cover object-center rounded-t-sm mb-4 hover:opacity-70\">\n\t\t\t\t\t\t\t<\/a>\n\t\t<\/div>\n\t\t<div class=\"flex flex-col justify-between px-4 pt-4 text-center h-full\">\n\t\t\t<div>\n\t\t\t\t<a href=\"https:\/\/arenso.fi\/en\/tahkoluodon-merituulipuiston-laajennuksen-demohankkeelle-rakennus-ja-vesiluvat\/\">\n\t\t\t\t\t<h3 class=\"font-bold hover:text-link-hover hover:border-link-hover\">Tahkoluoto offshore wind farm Extension project\u2019s demo phase is granted water and building permits\n\t\t\t\t\t<\/h3>\n\t\t\t\t<\/a>\n\t\t\t\t<p class=\"m-2\">Published\n\t\t\t\t\t22.12.2023<\/p>\n\t\t\t<\/div>\n\t\t\t\t\t\t\t<p class=\"text-center p-small text-gray-500 text-balance\">\nSuomen Hy\u00f6tytuuli is&nbsp;planning&nbsp;an&nbsp;Extension&nbsp;project&nbsp;to Tahkoluoto offshore wind farm on the western&nbsp;coast of Finland.&nbsp;Tahkoluoto offshore wind farm is the world\u2019s fi&#8230;<\/p>\n\t\t\t\t\t\t<div class=\"flex justify-center z-20 pb-4\">\n\t\t\t\t<a href=\"https:\/\/arenso.fi\/en\/tahkoluodon-merituulipuiston-laajennuksen-demohankkeelle-rakennus-ja-vesiluvat\/\" class=\"button relative flex px-7 py-4 items-center rounded-full text-arenso border border-arenso bg-hover:bg-white hover:text-link-hover hover:border-link-hover\">\n\t\t\t\t\t<span class=\"p pr-2\">Read more<\/span>\n\t\t\t\t\t<div class=\"\"><svg xmlns=\"http:\/\/www.w3.org\/2000\/svg\" fill=\"none\" viewBox=\"0 0 24 24\" stroke-width=\"1.5\" stroke=\"currentColor\" class=\"w-6 h-6\">\n  <path stroke-linecap=\"round\" stroke-linejoin=\"round\" d=\"M17.25 8.25 21 12m0 0-3.75 3.75M21 12H3\" \/>\n<\/svg>\n<\/div>\n\t\t\t\t<\/a>\n\t\t\t<\/div>\n\t\t<\/div>\n\t<\/div>\n<\/article>\n\t\t\t\t\t\t<\/div>\n\t\t\t\t\t\t\t\t\t\t\t<div class=\"swiper-slide relative\">\n\t\t\t\t\t\t\t<article class=\"tease tease-post\" id=\"tease-940\">\n\t\t<div class=\"flex flex-col shadow-md rounded-sm h-[600px] bg-white\">\n\t\t\t\t<div>\n\t\t\t<a href=\"https:\/\/arenso.fi\/en\/suomen-hyotytuuli-starts-feed-for-turbine-foundations-in-tahkoluoto-offshore-wind-farm-extension-project\/\">\n\t\t\t\t\t\t\t\t\t<img decoding=\"async\" src=\"https:\/\/arenso.fi\/app\/uploads\/sites\/2\/2024\/08\/tahkoluodon-merituulipuisto.jpg.webp\" alt=\"Tahkoluodon merituulipuisto \/ Tahkoluoto offshore wind farm\" class=\"w-full h-56 object-cover object-center rounded-t-sm mb-4 hover:opacity-70\">\n\t\t\t\t\t\t\t<\/a>\n\t\t<\/div>\n\t\t<div class=\"flex flex-col justify-between px-4 pt-4 text-center h-full\">\n\t\t\t<div>\n\t\t\t\t<a href=\"https:\/\/arenso.fi\/en\/suomen-hyotytuuli-starts-feed-for-turbine-foundations-in-tahkoluoto-offshore-wind-farm-extension-project\/\">\n\t\t\t\t\t<h3 class=\"font-bold hover:text-link-hover hover:border-link-hover\">Suomen Hy\u00f6tytuuli starts FEED for turbine foundations in Tahkoluoto offshore wind farm extension pro&#8230;\n\t\t\t\t\t<\/h3>\n\t\t\t\t<\/a>\n\t\t\t\t<p class=\"m-2\">Published\n\t\t\t\t\t18.09.2023<\/p>\n\t\t\t<\/div>\n\t\t\t\t\t\t\t<p class=\"text-center p-small text-gray-500 text-balance\">\nSuomen Hy\u00f6tytuuli is developing an extension to Tahkoluoto offshore wind farm on the west coast of Finland. The wind turbines of at least 15 megawatts will be built in deeper waters than ever before&#8230;<\/p>\n\t\t\t\t\t\t<div class=\"flex justify-center z-20 pb-4\">\n\t\t\t\t<a href=\"https:\/\/arenso.fi\/en\/suomen-hyotytuuli-starts-feed-for-turbine-foundations-in-tahkoluoto-offshore-wind-farm-extension-project\/\" class=\"button relative flex px-7 py-4 items-center rounded-full text-arenso border border-arenso bg-hover:bg-white hover:text-link-hover hover:border-link-hover\">\n\t\t\t\t\t<span class=\"p pr-2\">Read more<\/span>\n\t\t\t\t\t<div class=\"\"><svg xmlns=\"http:\/\/www.w3.org\/2000\/svg\" fill=\"none\" viewBox=\"0 0 24 24\" stroke-width=\"1.5\" stroke=\"currentColor\" class=\"w-6 h-6\">\n  <path stroke-linecap=\"round\" stroke-linejoin=\"round\" d=\"M17.25 8.25 21 12m0 0-3.75 3.75M21 12H3\" \/>\n<\/svg>\n<\/div>\n\t\t\t\t<\/a>\n\t\t\t<\/div>\n\t\t<\/div>\n\t<\/div>\n<\/article>\n\t\t\t\t\t\t<\/div>\n\t\t\t\t\t\t\t\t\t\t\t<div class=\"swiper-slide relative\">\n\t\t\t\t\t\t\t<article class=\"tease tease-post\" id=\"tease-943\">\n\t\t<div class=\"flex flex-col shadow-md rounded-sm h-[600px] bg-white\">\n\t\t\t\t<div>\n\t\t\t<a href=\"https:\/\/arenso.fi\/en\/suomen-hyotytuuli-receives-a-grant-of-30-000-000-euro-for-tahkoluoto-offshore-wind-power-demo-project\/\">\n\t\t\t\t\t\t\t\t\t<img decoding=\"async\" src=\"https:\/\/arenso.fi\/app\/uploads\/sites\/2\/2023\/11\/nikkarinkaarron-tuulipuisto.jpg.webp\" alt=\"Nikkarinkaarron tuulipuisto \/ Nikkarinkaarto wind farm\" class=\"w-full h-56 object-cover object-center rounded-t-sm mb-4 hover:opacity-70\">\n\t\t\t\t\t\t\t<\/a>\n\t\t<\/div>\n\t\t<div class=\"flex flex-col justify-between px-4 pt-4 text-center h-full\">\n\t\t\t<div>\n\t\t\t\t<a href=\"https:\/\/arenso.fi\/en\/suomen-hyotytuuli-receives-a-grant-of-30-000-000-euro-for-tahkoluoto-offshore-wind-power-demo-project\/\">\n\t\t\t\t\t<h3 class=\"font-bold hover:text-link-hover hover:border-link-hover\">Suomen Hy\u00f6tytuuli receives a grant of 30\u00a0000\u00a0000 euro for Tahkoluoto offshore wind power demo projec&#8230;\n\t\t\t\t\t<\/h3>\n\t\t\t\t<\/a>\n\t\t\t\t<p class=\"m-2\">Published\n\t\t\t\t\t15.02.2023<\/p>\n\t\t\t<\/div>\n\t\t\t\t\t\t\t<p class=\"text-center p-small text-gray-500 text-balance\">\nThe Ministry of Economic Affairs and Employment of Finland has granted 30&nbsp;000&nbsp;000 euro for offshore wind power investment in accordance with Finland\u2019s Recovery and Resilience Plan and utili&#8230;<\/p>\n\t\t\t\t\t\t<div class=\"flex justify-center z-20 pb-4\">\n\t\t\t\t<a href=\"https:\/\/arenso.fi\/en\/suomen-hyotytuuli-receives-a-grant-of-30-000-000-euro-for-tahkoluoto-offshore-wind-power-demo-project\/\" class=\"button relative flex px-7 py-4 items-center rounded-full text-arenso border border-arenso bg-hover:bg-white hover:text-link-hover hover:border-link-hover\">\n\t\t\t\t\t<span class=\"p pr-2\">Read more<\/span>\n\t\t\t\t\t<div class=\"\"><svg xmlns=\"http:\/\/www.w3.org\/2000\/svg\" fill=\"none\" viewBox=\"0 0 24 24\" stroke-width=\"1.5\" stroke=\"currentColor\" class=\"w-6 h-6\">\n  <path stroke-linecap=\"round\" stroke-linejoin=\"round\" d=\"M17.25 8.25 21 12m0 0-3.75 3.75M21 12H3\" \/>\n<\/svg>\n<\/div>\n\t\t\t\t<\/a>\n\t\t\t<\/div>\n\t\t<\/div>\n\t<\/div>\n<\/article>\n\t\t\t\t\t\t<\/div>\n\t\t\t\t\t\t\t\t\t\t\t<div class=\"swiper-slide relative\">\n\t\t\t\t\t\t\t<article class=\"tease tease-post\" id=\"tease-946\">\n\t\t<div class=\"flex flex-col shadow-md rounded-sm h-[600px] bg-white\">\n\t\t\t\t<div>\n\t\t\t<a href=\"https:\/\/arenso.fi\/en\/metsahallitus-to-lease-water-area-to-tahkoluoto-extension-offshore-wind-farm\/\">\n\t\t\t\t\t\t\t\t\t<img decoding=\"async\" src=\"https:\/\/arenso.fi\/app\/uploads\/sites\/2\/2023\/11\/nikkarinkaarron-tuulipuisto.jpg.webp\" alt=\"Nikkarinkaarron tuulipuisto \/ Nikkarinkaarto wind farm\" class=\"w-full h-56 object-cover object-center rounded-t-sm mb-4 hover:opacity-70\">\n\t\t\t\t\t\t\t<\/a>\n\t\t<\/div>\n\t\t<div class=\"flex flex-col justify-between px-4 pt-4 text-center h-full\">\n\t\t\t<div>\n\t\t\t\t<a href=\"https:\/\/arenso.fi\/en\/metsahallitus-to-lease-water-area-to-tahkoluoto-extension-offshore-wind-farm\/\">\n\t\t\t\t\t<h3 class=\"font-bold hover:text-link-hover hover:border-link-hover\">Mets\u00e4hallitus to lease water area to Tahkoluoto Extension offshore wind farm\n\t\t\t\t\t<\/h3>\n\t\t\t\t<\/a>\n\t\t\t\t<p class=\"m-2\">Published\n\t\t\t\t\t31.01.2023<\/p>\n\t\t\t<\/div>\n\t\t\t\t\t\t\t<p class=\"text-center p-small text-gray-500 text-balance\">\nMets\u00e4hallitus and Suomen Hy\u00f6tytuuli have signed an access right contract by which Mets\u00e4hallitus leases the public water area off the coast of Pori Tahkoluoto to Suomen Hy\u00f6tytuuli for wind power produ&#8230;<\/p>\n\t\t\t\t\t\t<div class=\"flex justify-center z-20 pb-4\">\n\t\t\t\t<a href=\"https:\/\/arenso.fi\/en\/metsahallitus-to-lease-water-area-to-tahkoluoto-extension-offshore-wind-farm\/\" class=\"button relative flex px-7 py-4 items-center rounded-full text-arenso border border-arenso bg-hover:bg-white hover:text-link-hover hover:border-link-hover\">\n\t\t\t\t\t<span class=\"p pr-2\">Read more<\/span>\n\t\t\t\t\t<div class=\"\"><svg xmlns=\"http:\/\/www.w3.org\/2000\/svg\" fill=\"none\" viewBox=\"0 0 24 24\" stroke-width=\"1.5\" stroke=\"currentColor\" class=\"w-6 h-6\">\n  <path stroke-linecap=\"round\" stroke-linejoin=\"round\" d=\"M17.25 8.25 21 12m0 0-3.75 3.75M21 12H3\" \/>\n<\/svg>\n<\/div>\n\t\t\t\t<\/a>\n\t\t\t<\/div>\n\t\t<\/div>\n\t<\/div>\n<\/article>\n\t\t\t\t\t\t<\/div>\n\t\t\t\t\t\t\t\t\t\t\t<div class=\"swiper-slide relative\">\n\t\t\t\t\t\t\t<article class=\"tease tease-post\" id=\"tease-949\">\n\t\t<div class=\"flex flex-col shadow-md rounded-sm h-[600px] bg-white\">\n\t\t\t\t<div>\n\t\t\t<a href=\"https:\/\/arenso.fi\/en\/the-extension-project-to-suomen-hyotytuulis-tahkoluoto-offshore-wind-farm-proceeds-to-permitting-phase\/\">\n\t\t\t\t\t\t\t\t\t<img decoding=\"async\" src=\"https:\/\/arenso.fi\/app\/uploads\/sites\/2\/2023\/11\/nikkarinkaarron-tuulipuisto.jpg.webp\" alt=\"Nikkarinkaarron tuulipuisto \/ Nikkarinkaarto wind farm\" class=\"w-full h-56 object-cover object-center rounded-t-sm mb-4 hover:opacity-70\">\n\t\t\t\t\t\t\t<\/a>\n\t\t<\/div>\n\t\t<div class=\"flex flex-col justify-between px-4 pt-4 text-center h-full\">\n\t\t\t<div>\n\t\t\t\t<a href=\"https:\/\/arenso.fi\/en\/the-extension-project-to-suomen-hyotytuulis-tahkoluoto-offshore-wind-farm-proceeds-to-permitting-phase\/\">\n\t\t\t\t\t<h3 class=\"font-bold hover:text-link-hover hover:border-link-hover\">The extension project to Suomen Hy\u00f6tytuuli\u2019s Tahkoluoto offshore wind farm proceeds to permitting ph&#8230;\n\t\t\t\t\t<\/h3>\n\t\t\t\t<\/a>\n\t\t\t\t<p class=\"m-2\">Published\n\t\t\t\t\t05.01.2023<\/p>\n\t\t\t<\/div>\n\t\t\t\t\t\t\t<p class=\"text-center p-small text-gray-500 text-balance\">\nSuomen Hy\u00f6tytuuli\u2019s offshore wind farm project at Tahkoluoto, Pori on the west coast of Finland proceeds to permitting phase. The project is an extension to Finland\u2019s first offshore wind farm. With l&#8230;<\/p>\n\t\t\t\t\t\t<div class=\"flex justify-center z-20 pb-4\">\n\t\t\t\t<a href=\"https:\/\/arenso.fi\/en\/the-extension-project-to-suomen-hyotytuulis-tahkoluoto-offshore-wind-farm-proceeds-to-permitting-phase\/\" class=\"button relative flex px-7 py-4 items-center rounded-full text-arenso border border-arenso bg-hover:bg-white hover:text-link-hover hover:border-link-hover\">\n\t\t\t\t\t<span class=\"p pr-2\">Read more<\/span>\n\t\t\t\t\t<div class=\"\"><svg xmlns=\"http:\/\/www.w3.org\/2000\/svg\" fill=\"none\" viewBox=\"0 0 24 24\" stroke-width=\"1.5\" stroke=\"currentColor\" class=\"w-6 h-6\">\n  <path stroke-linecap=\"round\" stroke-linejoin=\"round\" d=\"M17.25 8.25 21 12m0 0-3.75 3.75M21 12H3\" \/>\n<\/svg>\n<\/div>\n\t\t\t\t<\/a>\n\t\t\t<\/div>\n\t\t<\/div>\n\t<\/div>\n<\/article>\n\t\t\t\t\t\t<\/div>\n\t\t\t\t\t\t\t\t\t<\/div>\n\t\t\t<\/div>\n\t\t<\/div>\n\t\t<div class=\"ArticleCarouselButtons hidden md:block\">\n\t\t\t<div id=\"prev-1\" class=\"swiper-button-prev 2xl:ml-20\"><\/div>\n\t\t\t<div id=\"next-1\" class=\"swiper-button-next 2xl:mr-20\"><\/div>\n\t\t<\/div>\n\t\t\t\t<div class=\"flex justify-center text-white bg-arenso p-8\">\n\t\t\t\t\t\t    \t\t\t\t<a href=\"https:\/\/arenso.fi\/en\/news\/\" class=\" flex text-white items-center px-4 hover:text-link-hover hover:border-link-hover\">\n\t\t\t\t\t<span class=\"p pr-1\">Read all the latest news<\/span>\n\t\t\t\t\t<div class=\"\"><svg xmlns=\"http:\/\/www.w3.org\/2000\/svg\" fill=\"none\" viewBox=\"0 0 24 24\" stroke-width=\"1.5\" stroke=\"currentColor\" class=\"w-6 h-6\">\n  <path stroke-linecap=\"round\" stroke-linejoin=\"round\" d=\"M17.25 8.25 21 12m0 0-3.75 3.75M21 12H3\" \/>\n<\/svg>\n<\/div>\n\t\t\t\t<\/a>\n\t\t\t\t\t\t\t\t\t<\/div>\n\t\t\t<\/section>\n\n\n<section class=\" my-4 sm:my-8 md:my-12 xl:my-20\" >\n\t\t\t<div class=\"FiftyFiftyImage relative flex justify-between bg-arenso-light flex-col-reverse lg:flex-row-reverse\">\n\t\t\t<div class=\"w-full aspect-[7\/5] lg:w-1\/2 p-4 sm:p-8 md:p-12  lg:px-12 lg:pt-14 \">\n\t\t\t\t\t\t\t\t\t\t\t\t<h2 class=\"Title flex flex-col justify-start mb-4 text-arenso\">\n\t\t\t\t\t\tSustainable energy \n\t\t\t\t\t<\/h2>\n\t\t\t\t\t\t\t\t\t\t\t\t\t<div class=\"flex flex-col text-arenso justify-center \">\n\t\t\t\t\t\t\t\t\t\t\t\t\t<p>We are fully versed in the latest technological developments and apply them, e.g., in environmental impact monitoring and wind farm construction and optimisation.<\/p>\n<p>Our team has contributed to the advancement of wind energy technology, e.g., in offshore wind turbine foundation concepts and radar technologies for monitoring the birdlife around wind turbines.<\/p>\n\n\t\t\t\t\t\t\t\t\t\t\t\t\t\t\t\t\t\t\t<div class=\"flex mt-6\">\n\t\t\t\t\t\t\t\t\n<a\nhref=\"https:\/\/arenso.fi\/en\/solutions\/\"\nalt=\"\"\ntarget=\"\"\nclass=\"button relative flex mt-3 mr-2 px-7 py-4 items-center rounded-full text-arenso border border-arenso bg-hover:bg-white hover:text-link-hover hover:border-link-hover\">\n    <span class=\"p pr-2\">Read more<\/span>\n    <div class=\"\"><svg xmlns=\"http:\/\/www.w3.org\/2000\/svg\" fill=\"none\" viewBox=\"0 0 24 24\" stroke-width=\"1.5\" stroke=\"currentColor\" class=\"w-6 h-6\">\n  <path stroke-linecap=\"round\" stroke-linejoin=\"round\" d=\"M17.25 8.25 21 12m0 0-3.75 3.75M21 12H3\" \/>\n<\/svg>\n<\/div>\n<\/a>\n\t\t\t\t\t\t\t<\/div>\n\t\t\t\t\t\t\t\t\t\t\t<\/div>\n\t\t\t\t\t\t\t\t\t\t<\/div>\n\t\t\t\t\t\t\t<div class=\" self-stretch justify-self-stretch w-full lg:w-1\/2 relative flex justify-center lg:justify-start\">\n\t\t\t\t\t<img decoding=\"async\" loading=\"lazy\" class=\"object-cover h-full w-full aspect-[7\/5]\"  srcset=\"\n\t\t\t\t\t\t\t\t\t\t\thttps:\/\/arenso.fi\/app\/uploads\/sites\/2\/2024\/08\/Tahkoluoto-offshore-150x150.jpg 150w,\n\t\t\t\t\t\t\t\t\t\t\thttps:\/\/arenso.fi\/app\/uploads\/sites\/2\/2024\/08\/Tahkoluoto-offshore-300x225.jpg 300w,\n\t\t\t\t\t\t\t\t\t\t\thttps:\/\/arenso.fi\/app\/uploads\/sites\/2\/2024\/08\/Tahkoluoto-offshore.jpg 600w,\n\t\t\t\t\t\t\t\t\t\t\thttps:\/\/arenso.fi\/app\/uploads\/sites\/2\/2024\/08\/Tahkoluoto-offshore.jpg 600w,\n\t\t\t\t\t\t\t\t\t\t\thttps:\/\/arenso.fi\/app\/uploads\/sites\/2\/2024\/08\/Tahkoluoto-offshore.jpg 600w,\n\t\t\t\t\t\t\t\t\t\t    \"  src=\"https:\/\/arenso.fi\/app\/uploads\/sites\/2\/2024\/08\/Tahkoluoto-offshore.jpg\"\/>\n\t\t\t\t<\/div>\n\t\t\t\t\t<\/div>\n\t\t\t<div class=\"FiftyFiftyImage relative flex justify-between bg-arenso-light flex-col-reverse lg:flex-row\">\n\t\t\t<div class=\"w-full aspect-[7\/5] lg:w-1\/2 p-4 sm:p-8 md:p-12  lg:px-12 lg:pt-14 \">\n\t\t\t\t\t\t\t\t\t\t\t\t<h2 class=\"Title flex flex-col justify-start mb-4 text-arenso\">\n\t\t\t\t\t\tFind out more about our customer projects \n\t\t\t\t\t<\/h2>\n\t\t\t\t\t\t\t\t\t\t\t\t\t<div class=\"flex flex-col text-arenso justify-center \">\n\t\t\t\t\t\t\t\t\t\t\t\t\t<p><span lang=\"en-US\">Our services cover the entire life cycle of offshore wind energy: from pre-studies to design and construction as well as optimisation, operating and maintenance and eventually the dismantling and recycling of wind farms.<\/span><\/p>\n\n\t\t\t\t\t\t\t\t\t\t\t\t\t\t\t\t\t\t\t<div class=\"flex mt-6\">\n\t\t\t\t\t\t\t\t\n<a\nhref=\"https:\/\/arenso.fi\/en\/asiakasprojektimme\/\"\nalt=\"\"\ntarget=\"\"\nclass=\"button relative flex mt-3 mr-2 px-7 py-4 items-center rounded-full text-arenso border border-arenso bg-hover:bg-white hover:text-link-hover hover:border-link-hover\">\n    <span class=\"p pr-2\">Read more<\/span>\n    <div class=\"\"><svg xmlns=\"http:\/\/www.w3.org\/2000\/svg\" fill=\"none\" viewBox=\"0 0 24 24\" stroke-width=\"1.5\" stroke=\"currentColor\" class=\"w-6 h-6\">\n  <path stroke-linecap=\"round\" stroke-linejoin=\"round\" d=\"M17.25 8.25 21 12m0 0-3.75 3.75M21 12H3\" \/>\n<\/svg>\n<\/div>\n<\/a>\n\t\t\t\t\t\t\t<\/div>\n\t\t\t\t\t\t\t\t\t\t\t<\/div>\n\t\t\t\t\t\t\t\t\t\t<\/div>\n\t\t\t\t\t\t\t<div class=\" self-stretch justify-self-stretch w-full lg:w-1\/2 relative flex justify-center lg:justify-end\">\n\t\t\t\t\t<img decoding=\"async\" loading=\"lazy\" class=\"object-cover h-full w-full aspect-[7\/5]\"  srcset=\"\n\t\t\t\t\t\t\t\t\t\t\thttps:\/\/arenso.fi\/app\/uploads\/sites\/2\/2024\/06\/tahkoluoto5-scaled-1-150x150.jpg 150w,\n\t\t\t\t\t\t\t\t\t\t\thttps:\/\/arenso.fi\/app\/uploads\/sites\/2\/2024\/06\/tahkoluoto5-scaled-1-300x200.jpg 300w,\n\t\t\t\t\t\t\t\t\t\t\thttps:\/\/arenso.fi\/app\/uploads\/sites\/2\/2024\/06\/tahkoluoto5-scaled-1-768x512.jpg 768w,\n\t\t\t\t\t\t\t\t\t\t\thttps:\/\/arenso.fi\/app\/uploads\/sites\/2\/2024\/06\/tahkoluoto5-scaled-1-1024x683.jpg 1024w,\n\t\t\t\t\t\t\t\t\t\t\thttps:\/\/arenso.fi\/app\/uploads\/sites\/2\/2024\/06\/tahkoluoto5-scaled-1.jpg 2560w,\n\t\t\t\t\t\t\t\t\t\t    \"  src=\"https:\/\/arenso.fi\/app\/uploads\/sites\/2\/2024\/06\/tahkoluoto5-scaled-1-768x512.jpg\"\/>\n\t\t\t\t<\/div>\n\t\t\t\t\t<\/div>\n\t<\/section>\n","protected":false},"excerpt":{"rendered":"<p>Arctic Energy Solutions&nbsp; Arenso Oy delivers end-to-end offshore wind energy services. Working independently of solution suppliers and contractors, we help our customers implement sustainable and effective renewable energy projects. Our team of experts has over twenty years of experience in wind energy projects from development to construction, operation and maintenance and the dismantling and recycling [&hellip;]<\/p>\n","protected":false},"author":1,"featured_media":0,"parent":0,"menu_order":0,"comment_status":"closed","ping_status":"closed","template":"","meta":{"_acf_changed":false,"footnotes":""},"class_list":["post-867","page","type-page","status-publish","hentry"],"acf":[],"yoast_head":"<!-- This site is optimized with the Yoast SEO plugin v27.3 - https:\/\/yoast.com\/product\/yoast-seo-wordpress\/ -->\n<title>Front page - Arenso<\/title>\n<meta name=\"description\" content=\"Development, implementation and life-cycle management of wind energy projects. Sustainable and impactful renewable energy.\" \/>\n<meta name=\"robots\" content=\"index, follow, max-snippet:-1, max-image-preview:large, max-video-preview:-1\" \/>\n<link rel=\"canonical\" href=\"https:\/\/arenso.fi\/en\/\" \/>\n<meta property=\"og:locale\" content=\"en_US\" \/>\n<meta property=\"og:type\" content=\"article\" \/>\n<meta property=\"og:title\" content=\"Front page - Arenso\" \/>\n<meta property=\"og:description\" content=\"Development, implementation and life-cycle management of wind energy projects. Sustainable and impactful renewable energy.\" \/>\n<meta property=\"og:url\" content=\"https:\/\/arenso.fi\/en\/\" \/>\n<meta property=\"og:site_name\" content=\"Arenso\" \/>\n<meta property=\"article:modified_time\" content=\"2026-04-09T18:43:35+00:00\" \/>\n<meta name=\"twitter:card\" content=\"summary_large_image\" \/>\n<meta name=\"twitter:label1\" content=\"Est. reading time\" \/>\n\t<meta name=\"twitter:data1\" content=\"1 minute\" \/>\n<script type=\"application\/ld+json\" class=\"yoast-schema-graph\">{\"@context\":\"https:\\\/\\\/schema.org\",\"@graph\":[{\"@type\":\"WebPage\",\"@id\":\"https:\\\/\\\/arenso.fi\\\/en\\\/\",\"url\":\"https:\\\/\\\/arenso.fi\\\/en\\\/\",\"name\":\"Front page - Arenso\",\"isPartOf\":{\"@id\":\"https:\\\/\\\/arenso.fi\\\/en\\\/#website\"},\"datePublished\":\"2024-08-01T07:25:51+00:00\",\"dateModified\":\"2026-04-09T18:43:35+00:00\",\"description\":\"Development, implementation and life-cycle management of wind energy projects. Sustainable and impactful renewable energy.\",\"breadcrumb\":{\"@id\":\"https:\\\/\\\/arenso.fi\\\/en\\\/#breadcrumb\"},\"inLanguage\":\"en-US\",\"potentialAction\":[{\"@type\":\"ReadAction\",\"target\":[\"https:\\\/\\\/arenso.fi\\\/en\\\/\"]}]},{\"@type\":\"BreadcrumbList\",\"@id\":\"https:\\\/\\\/arenso.fi\\\/en\\\/#breadcrumb\",\"itemListElement\":[{\"@type\":\"ListItem\",\"position\":1,\"name\":\"Home\",\"item\":\"https:\\\/\\\/arenso.fi\\\/en\\\/\"},{\"@type\":\"ListItem\",\"position\":2,\"name\":\"Front page\"}]},{\"@type\":\"WebSite\",\"@id\":\"https:\\\/\\\/arenso.fi\\\/en\\\/#website\",\"url\":\"https:\\\/\\\/arenso.fi\\\/en\\\/\",\"name\":\"Arenso\",\"description\":\"\",\"publisher\":{\"@id\":\"https:\\\/\\\/arenso.fi\\\/en\\\/#organization\"},\"potentialAction\":[{\"@type\":\"SearchAction\",\"target\":{\"@type\":\"EntryPoint\",\"urlTemplate\":\"https:\\\/\\\/arenso.fi\\\/en\\\/?s={search_term_string}\"},\"query-input\":{\"@type\":\"PropertyValueSpecification\",\"valueRequired\":true,\"valueName\":\"search_term_string\"}}],\"inLanguage\":\"en-US\"},{\"@type\":\"Organization\",\"@id\":\"https:\\\/\\\/arenso.fi\\\/en\\\/#organization\",\"name\":\"Arenso\",\"url\":\"https:\\\/\\\/arenso.fi\\\/en\\\/\",\"logo\":{\"@type\":\"ImageObject\",\"inLanguage\":\"en-US\",\"@id\":\"https:\\\/\\\/arenso.fi\\\/en\\\/#\\\/schema\\\/logo\\\/image\\\/\",\"url\":\"https:\\\/\\\/hyotytuuli.fi\\\/app\\\/uploads\\\/sites\\\/2\\\/2024\\\/08\\\/arenso-no-slogan_color-nega.png\",\"contentUrl\":\"https:\\\/\\\/hyotytuuli.fi\\\/app\\\/uploads\\\/sites\\\/2\\\/2024\\\/08\\\/arenso-no-slogan_color-nega.png\",\"width\":3000,\"height\":616,\"caption\":\"Arenso\"},\"image\":{\"@id\":\"https:\\\/\\\/arenso.fi\\\/en\\\/#\\\/schema\\\/logo\\\/image\\\/\"}}]}<\/script>\n<!-- \/ Yoast SEO plugin. -->","yoast_head_json":{"title":"Front page - Arenso","description":"Development, implementation and life-cycle management of wind energy projects. Sustainable and impactful renewable energy.","robots":{"index":"index","follow":"follow","max-snippet":"max-snippet:-1","max-image-preview":"max-image-preview:large","max-video-preview":"max-video-preview:-1"},"canonical":"https:\/\/arenso.fi\/en\/","og_locale":"en_US","og_type":"article","og_title":"Front page - Arenso","og_description":"Development, implementation and life-cycle management of wind energy projects. Sustainable and impactful renewable energy.","og_url":"https:\/\/arenso.fi\/en\/","og_site_name":"Arenso","article_modified_time":"2026-04-09T18:43:35+00:00","twitter_card":"summary_large_image","twitter_misc":{"Est. reading time":"1 minute"},"schema":{"@context":"https:\/\/schema.org","@graph":[{"@type":"WebPage","@id":"https:\/\/arenso.fi\/en\/","url":"https:\/\/arenso.fi\/en\/","name":"Front page - Arenso","isPartOf":{"@id":"https:\/\/arenso.fi\/en\/#website"},"datePublished":"2024-08-01T07:25:51+00:00","dateModified":"2026-04-09T18:43:35+00:00","description":"Development, implementation and life-cycle management of wind energy projects. Sustainable and impactful renewable energy.","breadcrumb":{"@id":"https:\/\/arenso.fi\/en\/#breadcrumb"},"inLanguage":"en-US","potentialAction":[{"@type":"ReadAction","target":["https:\/\/arenso.fi\/en\/"]}]},{"@type":"BreadcrumbList","@id":"https:\/\/arenso.fi\/en\/#breadcrumb","itemListElement":[{"@type":"ListItem","position":1,"name":"Home","item":"https:\/\/arenso.fi\/en\/"},{"@type":"ListItem","position":2,"name":"Front page"}]},{"@type":"WebSite","@id":"https:\/\/arenso.fi\/en\/#website","url":"https:\/\/arenso.fi\/en\/","name":"Arenso","description":"","publisher":{"@id":"https:\/\/arenso.fi\/en\/#organization"},"potentialAction":[{"@type":"SearchAction","target":{"@type":"EntryPoint","urlTemplate":"https:\/\/arenso.fi\/en\/?s={search_term_string}"},"query-input":{"@type":"PropertyValueSpecification","valueRequired":true,"valueName":"search_term_string"}}],"inLanguage":"en-US"},{"@type":"Organization","@id":"https:\/\/arenso.fi\/en\/#organization","name":"Arenso","url":"https:\/\/arenso.fi\/en\/","logo":{"@type":"ImageObject","inLanguage":"en-US","@id":"https:\/\/arenso.fi\/en\/#\/schema\/logo\/image\/","url":"https:\/\/hyotytuuli.fi\/app\/uploads\/sites\/2\/2024\/08\/arenso-no-slogan_color-nega.png","contentUrl":"https:\/\/hyotytuuli.fi\/app\/uploads\/sites\/2\/2024\/08\/arenso-no-slogan_color-nega.png","width":3000,"height":616,"caption":"Arenso"},"image":{"@id":"https:\/\/arenso.fi\/en\/#\/schema\/logo\/image\/"}}]}},"_links":{"self":[{"href":"https:\/\/arenso.fi\/en\/wp-json\/wp\/v2\/pages\/867","targetHints":{"allow":["GET"]}}],"collection":[{"href":"https:\/\/arenso.fi\/en\/wp-json\/wp\/v2\/pages"}],"about":[{"href":"https:\/\/arenso.fi\/en\/wp-json\/wp\/v2\/types\/page"}],"author":[{"embeddable":true,"href":"https:\/\/arenso.fi\/en\/wp-json\/wp\/v2\/users\/1"}],"replies":[{"embeddable":true,"href":"https:\/\/arenso.fi\/en\/wp-json\/wp\/v2\/comments?post=867"}],"version-history":[{"count":17,"href":"https:\/\/arenso.fi\/en\/wp-json\/wp\/v2\/pages\/867\/revisions"}],"predecessor-version":[{"id":1960,"href":"https:\/\/arenso.fi\/en\/wp-json\/wp\/v2\/pages\/867\/revisions\/1960"}],"wp:attachment":[{"href":"https:\/\/arenso.fi\/en\/wp-json\/wp\/v2\/media?parent=867"}],"curies":[{"name":"wp","href":"https:\/\/api.w.org\/{rel}","templated":true}]}}